{"id":15862,"date":"2026-04-22T10:53:39","date_gmt":"2026-04-22T08:53:39","guid":{"rendered":"https:\/\/www.gastonballiot.fr\/?page_id=15862"},"modified":"2026-04-22T15:25:55","modified_gmt":"2026-04-22T13:25:55","slug":"palestine-son-histoire-un-documentaire-essentiel","status":"publish","type":"page","link":"https:\/\/www.gastonballiot.fr\/?page_id=15862","title":{"rendered":"Palestine, son histoire. Un documentaire essentiel."},"content":{"rendered":"<div class=\"bg-grey-blue u-relative single__hero\">\n<div class=\"gs-container\">\n<div class=\"gs-row\">\n<h2 class=\"t-article-h1 u-margin-b-6 c-red gs-column @sm:gs-column-8 @lg:gs-column-10 @wd:gs-column-8 u-centered-on-x u-block t-align-center\">\u00ab&nbsp;La Palestine, une histoire&nbsp;\u00bb&nbsp;: sur France 5, la grande sacrifi\u00e9e de l\u2019histoire moderne<\/h2>\n<\/div>\n<\/div>\n<\/div>\n<div class=\"single__content gs-container\">\n<div class=\"gs-row\">\n<div class=\"@lg:gs-column-8\">\n<article class=\"single__content__text\">\n<div class=\"rich-text u-margin-b-3 u-padding-b-0 u-padding-t-0\">\n<p class=\"chapo\">\u00c0 l\u2019aide de photos et de films d\u2019archives, le r\u00e9alisateur Alain Lewkowicz convoque des historiens et sp\u00e9cialistes de la r\u00e9gion, qui racontent, sur cent cinquante ans, le destin tragique des Palestiniens.<\/p>\n<p class=\"chapo\"><span style=\"color: initial;\">Il \u00e9tait temps. Temps de regarder <\/span><a href=\"https:\/\/www.humanite.fr\/monde\/israel\/israel-palestine-4-cartes-pour-comprendre-75-ans-de-tragedies\">l\u2019histoire du c\u00f4t\u00e9 des Palestiniens<\/a><span style=\"color: initial;\">, temps d\u2019essayer de comprendre ce qui se joue sur le long terme pour les habitants de cette partie du monde, temps enfin de prendre la mesure de toutes les responsabilit\u00e9s qui aboutissent aujourd\u2019hui \u00e0 un territoire morcel\u00e9, une population traqu\u00e9e, et une r\u00e9gion \u00e0 feu et \u00e0 sang.<\/span><\/p>\n<\/div>\n<div class=\"rich-text\">\n<div class=\"gs-row\">\n<div id=\"post-content\" class=\"u-width-100% gs-column\" data-poool=\"0\">\n<p>C\u2019est tout le propos d\u2019Alain Lewkowicz, qui se pose une question, qu\u2019il d\u00e9cline en trois \u00e9pisodes d\u2019environ une heure&nbsp;: de quoi la Palestine est-elle le nom&nbsp;? En d\u00e9coupant l\u2019histoire en trois grandes parties, en partant du milieu du XIX<sup>e<\/sup>&nbsp;si\u00e8cle, il montre, \u00e0 l\u2019aide d\u2019historiens et de sp\u00e9cialistes s\u00e9rieux de cette r\u00e9gion,&nbsp;<a href=\"https:\/\/www.humanite.fr\/en-debat\/etat-palestinien\/reconnaissance-de-la-palestine-le-bon-cote-de-lhistoire\">comment les Palestiniens ont \u00e9t\u00e9 les grands<\/a>&nbsp;sacrifi\u00e9s. \u00c0 la fois par Isra\u00ebl, mais avant m\u00eame par l\u2019Empire ottoman, le mandat britannique sur la r\u00e9gion et les instances internationales, qui tentent sans y parvenir aujourd\u2019hui d\u2019\u00e9teindre l\u2019incendie qu\u2019ils ont eux-m\u00eames allum\u00e9 et aliment\u00e9.<\/p>\n<h2 class=\"wp-block-heading\">Les habitants de la Palestine d\u00e9j\u00e0 invisibilis\u00e9s<\/h2>\n<p>Les premi\u00e8res images du documentaire sont magnifiques, tellement loin de la d\u00e9solation que les actualit\u00e9s nous ont habitu\u00e9s \u00e0 voir sur ce bout de terre. On y voit la mer, des voitures qui roulent le long d\u2019un c\u00f4t\u00e9, des champs de fleurs, des visages enjou\u00e9s d\u2019enfants&nbsp;: c\u2019est la Palestine, au d\u00e9but du si\u00e8cle dernier, qui se d\u00e9voile \u00e0 nous.<\/p>\n<p>Le nom de la Palestine, explique d\u2019ailleurs&nbsp;<a href=\"https:\/\/www.humanite.fr\/monde\/benyamin-netanyahou\/lhistorien-francais-vincent-lemire-specialiste-de-jerusalem-interdit-de-sejour-en-israel\">l\u2019historien Vincent Lemire<\/a>, historien \u00e0 l\u2019universit\u00e9 Gustave-Eiffel, existe depuis cinq mille ans. Et sur cette terre, o\u00f9 sont n\u00e9es les trois grandes religions monoth\u00e9istes, le peuple a v\u00e9cu, bon an mal an, au rythme des saisons durant des centaines d\u2019ann\u00e9es&nbsp;: le champ appartenait \u00e0 celui qui le cultivait, l\u2019olivier \u00e0 celui qui l\u2019entretenait et ramassait les olives, poursuit l\u2019historien.<\/p>\n<p>Au XIX<sup>e<\/sup>&nbsp;si\u00e8cle, l\u2019Empire ottoman s\u2019arroge ce territoire, et tout s\u2019encha\u00eene&nbsp;: les r\u00e8gles de propri\u00e9t\u00e9 changent, obligeant les petits paysans \u00e0 trouver des acheteurs pour leurs terres, l\u2019immigration augmente, en particulier quand les pogroms contre les juifs se multiplient en Europe, et que la th\u00e9orie sioniste gagne du terrain. Sans pour autant que ce soit la Palestine qui soit toujours envisag\u00e9e pour cr\u00e9er un \u00c9tat, d\u2019ailleurs, apprend-on.<\/p>\n<div class=\"seealso-component u-relative u-flex-column u-align-items-center u-margin-b-4 u-margin-t-6 @lg:u-margin-b-8 @lg:u-margin-t-8\">\n<div class=\"seealso-component__content u-flex-column @lg:u-flex-row @lg:u-align-items-start u-justify-content-space-between\">\n<div class=\"u-flex-row u-justify-content-space-between u-width-100% seealso-component__content__text u-align-items-center @lg:u-margin-t-0 u-margin-t-1\">\n<p class=\"u-margin-b-0 t-article-h3 c-purple\">&nbsp;<\/p>\n<\/div>\n<\/div>\n<\/div>\n<p>Et pourquoi la Palestine&nbsp;? Parce qu\u2019elle est ce creuset religieux, bien s\u00fbr. Mais aussi parce qu\u2019elle est pr\u00e9sent\u00e9e comme un territoire quasi vierge d\u2019habitants, ce qui n\u2019est \u00e9videmment pas le cas. Dans cette soci\u00e9t\u00e9 multiculturelle, on croise m\u00eame une \u00e9lite form\u00e9e de grands savants, de gens polyglottes, avides de savoir, qui entament des correspondances dans le monde entier.<\/p>\n<p>Mais elle est pr\u00e9sent\u00e9e par les Occidentaux, notamment les Anglais, qui ont mandat apr\u00e8s la Premi\u00e8re Guerre mondiale sur le territoire, comme un d\u00e9sert, faisant ainsi fi du destin de millions de personnes. L\u2019histoire s\u2019acc\u00e9l\u00e8re apr\u00e8s 1948<strong>,<\/strong>&nbsp;jusqu\u2019\u00e0 la totale catastrophe humanitaire de ces deux derni\u00e8res ann\u00e9es.<\/p>\n<p>Ce que montre ce documentaire, c\u2019est \u00e0 quel point les Palestiniens sont dans une nasse, sacrifi\u00e9s y compris par ceux qui devraient les prot\u00e9ger. On tombe de Charybde en Scylla, en visionnant ces trois \u00e9pisodes denses et document\u00e9s, magnifiquement \u00e9tay\u00e9s par des scientifiques palestiniens, isra\u00e9liens, fran\u00e7ais et belges.<\/p>\n<p class=\"wp-block-huma-titre-oeuvre\"><em>Palestine, une histoire,&nbsp;<\/em>France 5, avril 2026<\/p>\n<h2><a href=\"https:\/\/www.france.tv\/france-5\/palestine-une-histoire\/\">https:\/\/www.france.tv\/france-5\/palestine-une-histoire\/<\/a><\/h2>\n<h2>R\u00e9sum\u00e9s des \u00e9pisodes<\/h2>\n<p class=\"p1\"><strong>1. Une terre et des peuples (1840 \u00e0 1947)<\/strong><br \/>\nLa Palestine, espace g\u00e9ographique connu depuis l\u2019Antiquit\u00e9, n\u2019a jamais \u00e9t\u00e9, quoi qu\u2019on ait pu dire parfois, une terre sans peuple. Travers\u00e9e par une myriade de peuples et d\u2019ethnies qui y ont laiss\u00e9 leurs traces, trois fois sainte, sanctuaire aux yeux des trois quarts de l\u2019humanit\u00e9. C\u2019est une terre riche, foisonnante et prosp\u00e8re sur laquelle r\u00e8gnent des grandes familles, une \u00e9lite polyglotte. Longtemps sous domination ottomane, la Palestine doit affronter les app\u00e9tits des Empires russe et austro-hongrois, le colonialisme fran\u00e7ais et britannique, et le projet sioniste, jusqu\u2019\u00e0 ce que ce petit territoire finisse par perdre son nom&#8230;<\/p>\n<p class=\"p1\"><strong>2. Un peuple sans terre (1948 \u00e0 1987)<\/strong><br \/>\nLa Palestine historique n\u2019est plus \u2014 d\u00e9sormais divis\u00e9e, fractur\u00e9e. En 1948, l\u2019\u00c9tat d\u2019Isra\u00ebl est cr\u00e9\u00e9. Le projet sioniste l\u2019emporte sur l\u2019id\u00e9e d\u2019une grande nation arabe. 850&nbsp;000&nbsp;Palestiniens (sur les 1,2&nbsp;million qui vivent alors en Palestine) prennent les routes de l\u2019exil, en direction des camps install\u00e9s dans les pays arabes alentour, cr\u00e9ant un d\u00e9sordre r\u00e9gional. Mais la r\u00e9sistance s\u2019organise, incarn\u00e9e par un homme, Yasser Arafat, et son organisation, l\u2019Organisation de lib\u00e9ration de la Palestine (OLP).<\/p>\n<p class=\"p1\"><strong>3. Une terre en miettes (1988 \u00e0 2025)<\/strong><br \/>\nApr\u00e8s des d\u00e9cennies d\u2019affrontements et de guerres meurtri\u00e8res, Palestiniens et Isra\u00e9liens tentent de faire la paix \u00e0 Oslo en 1993, malgr\u00e9 la forte pouss\u00e9e du Hamas \u00e0 Gaza. La poign\u00e9e de main entre Yasser Arafat et Itzhak Rabin semble ouvrir une nouvelle \u00e8re. Mais ce sera de courte dur\u00e9e. \u00c0 partir des ann\u00e9es 2000, dans les deux camps, c\u2019est le temps des faucons, des extr\u00e9mistes religieux qui pr\u00e9f\u00e8rent la guerre \u00e0 la paix, r\u00e9duisant la Palestine \u00e0 un territoire \u00e9miett\u00e9.<\/p>\n<\/div>\n<\/div>\n<\/div>\n<\/article>\n<\/div>\n<\/div>\n<\/div>\n<p>Pr\u00e9sentation<br \/>\n<iframe loading=\"lazy\" title=\"\u201cPalestine, une histoire\u201d : un documentaire pour comprendre l'histoire de l'\u00c9tat palestinien\" src=\"https:\/\/www.youtube.com\/embed\/iw0RsDwQ-zA\" width=\"802\" height=\"451\" frameborder=\"0\" allowfullscreen=\"allowfullscreen\"><\/iframe><\/p>\n","protected":false},"excerpt":{"rendered":"<p>\u00ab&nbsp;La Palestine, une histoire&nbsp;\u00bb&nbsp;: sur France 5, la grande sacrifi\u00e9e de l\u2019histoire moderne \u00c0 l\u2019aide de photos et de films d\u2019archives, le r\u00e9alisateur Alain Lewkowicz convoque des historiens et sp\u00e9cialistes de la r\u00e9gion, qui racontent, sur cent cinquante ans, le destin tragique des Palestiniens. Il \u00e9tait temps. Temps de regarder l\u2019histoire du c\u00f4t\u00e9 des Palestiniens, temps d\u2019essayer de comprendre ce qui se joue sur le long terme pour les habitants de cette partie du monde, temps enfin de prendre la mesure &#8230; <a title=\"Palestine, son histoire. Un documentaire essentiel.\" class=\"read-more\" href=\"https:\/\/www.gastonballiot.fr\/?page_id=15862\" aria-label=\"Plus sur Palestine, son histoire. Un documentaire essentiel.\">Lire la suite&#8230;<\/a><\/p>\n","protected":false},"author":1,"featured_media":0,"parent":0,"menu_order":0,"comment_status":"closed","ping_status":"closed","template":"","meta":{"ngg_post_thumbnail":0,"jetpack_post_was_ever_published":false,"footnotes":""},"class_list":{"0":"post-15862","1":"page","2":"type-page","3":"status-publish","5":"infinite-scroll-item"},"yoast_head":"<!-- This site is optimized with the Yoast SEO plugin v27.5 - https:\/\/yoast.com\/product\/yoast-seo-wordpress\/ -->\n<title>Palestine, son histoire. Un documentaire essentiel. - Le blog politique de Gaston<\/title>\n<meta name=\"robots\" content=\"index, follow, max-snippet:-1, max-image-preview:large, max-video-preview:-1\" \/>\n<link rel=\"canonical\" href=\"https:\/\/www.gastonballiot.fr\/?page_id=15862\" \/>\n<meta property=\"og:locale\" content=\"fr_FR\" \/>\n<meta property=\"og:type\" content=\"article\" \/>\n<meta property=\"og:title\" content=\"Palestine, son histoire. Un documentaire essentiel. - Le blog politique de Gaston\" \/>\n<meta property=\"og:description\" content=\"\u00ab&nbsp;La Palestine, une histoire&nbsp;\u00bb&nbsp;: sur France 5, la grande sacrifi\u00e9e de l\u2019histoire moderne \u00c0 l\u2019aide de photos et de films d\u2019archives, le r\u00e9alisateur Alain Lewkowicz convoque des historiens et sp\u00e9cialistes de la r\u00e9gion, qui racontent, sur cent cinquante ans, le destin tragique des Palestiniens. Il \u00e9tait temps. Temps de regarder l\u2019histoire du c\u00f4t\u00e9 des Palestiniens, temps d\u2019essayer de comprendre ce qui se joue sur le long terme pour les habitants de cette partie du monde, temps enfin de prendre la mesure ... Lire la suite...\" \/>\n<meta property=\"og:url\" content=\"https:\/\/www.gastonballiot.fr\/?page_id=15862\" \/>\n<meta property=\"og:site_name\" content=\"Le blog politique de Gaston\" \/>\n<meta property=\"article:publisher\" content=\"https:\/\/www.facebook.com\/gaston.balliot\/\" \/>\n<meta property=\"article:modified_time\" content=\"2026-04-22T13:25:55+00:00\" \/>\n<meta name=\"twitter:card\" content=\"summary_large_image\" \/>\n<meta name=\"twitter:label1\" content=\"Dur\u00e9e de lecture estim\u00e9e\" \/>\n\t<meta name=\"twitter:data1\" content=\"5 minutes\" \/>\n<script type=\"application\/ld+json\" class=\"yoast-schema-graph\">{\"@context\":\"https:\\\/\\\/schema.org\",\"@graph\":[{\"@type\":\"WebPage\",\"@id\":\"https:\\\/\\\/www.gastonballiot.fr\\\/?page_id=15862\",\"url\":\"https:\\\/\\\/www.gastonballiot.fr\\\/?page_id=15862\",\"name\":\"Palestine, son histoire. Un documentaire essentiel. - Le blog politique de Gaston\",\"isPartOf\":{\"@id\":\"https:\\\/\\\/www.gastonballiot.fr\\\/#website\"},\"datePublished\":\"2026-04-22T08:53:39+00:00\",\"dateModified\":\"2026-04-22T13:25:55+00:00\",\"breadcrumb\":{\"@id\":\"https:\\\/\\\/www.gastonballiot.fr\\\/?page_id=15862#breadcrumb\"},\"inLanguage\":\"fr-FR\",\"potentialAction\":[{\"@type\":\"ReadAction\",\"target\":[\"https:\\\/\\\/www.gastonballiot.fr\\\/?page_id=15862\"]}]},{\"@type\":\"BreadcrumbList\",\"@id\":\"https:\\\/\\\/www.gastonballiot.fr\\\/?page_id=15862#breadcrumb\",\"itemListElement\":[{\"@type\":\"ListItem\",\"position\":1,\"name\":\"Accueil\",\"item\":\"https:\\\/\\\/www.gastonballiot.fr\\\/\"},{\"@type\":\"ListItem\",\"position\":2,\"name\":\"Palestine, son histoire. Un documentaire essentiel.\"}]},{\"@type\":\"WebSite\",\"@id\":\"https:\\\/\\\/www.gastonballiot.fr\\\/#website\",\"url\":\"https:\\\/\\\/www.gastonballiot.fr\\\/\",\"name\":\"Le blog politique de Gaston\",\"description\":\"L&#039;humain d&#039;abord, pas la finance !\",\"publisher\":{\"@id\":\"https:\\\/\\\/www.gastonballiot.fr\\\/#\\\/schema\\\/person\\\/244a5e02696abd8a65c5b1bebdb948ca\"},\"potentialAction\":[{\"@type\":\"SearchAction\",\"target\":{\"@type\":\"EntryPoint\",\"urlTemplate\":\"https:\\\/\\\/www.gastonballiot.fr\\\/?s={search_term_string}\"},\"query-input\":{\"@type\":\"PropertyValueSpecification\",\"valueRequired\":true,\"valueName\":\"search_term_string\"}}],\"inLanguage\":\"fr-FR\"},{\"@type\":[\"Person\",\"Organization\"],\"@id\":\"https:\\\/\\\/www.gastonballiot.fr\\\/#\\\/schema\\\/person\\\/244a5e02696abd8a65c5b1bebdb948ca\",\"name\":\"gb\",\"image\":{\"@type\":\"ImageObject\",\"inLanguage\":\"fr-FR\",\"@id\":\"https:\\\/\\\/i0.wp.com\\\/www.gastonballiot.fr\\\/wp-content\\\/uploads\\\/2017\\\/04\\\/cropped-Marianne-drapeau-rouge.gif?fit=512%2C512&ssl=1\",\"url\":\"https:\\\/\\\/i0.wp.com\\\/www.gastonballiot.fr\\\/wp-content\\\/uploads\\\/2017\\\/04\\\/cropped-Marianne-drapeau-rouge.gif?fit=512%2C512&ssl=1\",\"contentUrl\":\"https:\\\/\\\/i0.wp.com\\\/www.gastonballiot.fr\\\/wp-content\\\/uploads\\\/2017\\\/04\\\/cropped-Marianne-drapeau-rouge.gif?fit=512%2C512&ssl=1\",\"width\":512,\"height\":512,\"caption\":\"gb\"},\"logo\":{\"@id\":\"https:\\\/\\\/i0.wp.com\\\/www.gastonballiot.fr\\\/wp-content\\\/uploads\\\/2017\\\/04\\\/cropped-Marianne-drapeau-rouge.gif?fit=512%2C512&ssl=1\"},\"description\":\"Gaston Balliot, militant du Front de Gauche en pays bigouden - Pont L'Abb\u00e9 - Loctudy - Guilvinec - Penmarc'h - Ile Tudy - Combrit Ste Marine - Tr\u00e9meoc - Plon\u00e9our, p\u00eache tourisme\",\"sameAs\":[\"https:\\\/\\\/www.facebook.com\\\/gaston.balliot\\\/\"]}]}<\/script>\n<!-- \/ Yoast SEO plugin. -->","yoast_head_json":{"title":"Palestine, son histoire. Un documentaire essentiel. - Le blog politique de Gaston","robots":{"index":"index","follow":"follow","max-snippet":"max-snippet:-1","max-image-preview":"max-image-preview:large","max-video-preview":"max-video-preview:-1"},"canonical":"https:\/\/www.gastonballiot.fr\/?page_id=15862","og_locale":"fr_FR","og_type":"article","og_title":"Palestine, son histoire. Un documentaire essentiel. - Le blog politique de Gaston","og_description":"\u00ab&nbsp;La Palestine, une histoire&nbsp;\u00bb&nbsp;: sur France 5, la grande sacrifi\u00e9e de l\u2019histoire moderne \u00c0 l\u2019aide de photos et de films d\u2019archives, le r\u00e9alisateur Alain Lewkowicz convoque des historiens et sp\u00e9cialistes de la r\u00e9gion, qui racontent, sur cent cinquante ans, le destin tragique des Palestiniens. Il \u00e9tait temps. Temps de regarder l\u2019histoire du c\u00f4t\u00e9 des Palestiniens, temps d\u2019essayer de comprendre ce qui se joue sur le long terme pour les habitants de cette partie du monde, temps enfin de prendre la mesure ... Lire la suite...","og_url":"https:\/\/www.gastonballiot.fr\/?page_id=15862","og_site_name":"Le blog politique de Gaston","article_publisher":"https:\/\/www.facebook.com\/gaston.balliot\/","article_modified_time":"2026-04-22T13:25:55+00:00","twitter_card":"summary_large_image","twitter_misc":{"Dur\u00e9e de lecture estim\u00e9e":"5 minutes"},"schema":{"@context":"https:\/\/schema.org","@graph":[{"@type":"WebPage","@id":"https:\/\/www.gastonballiot.fr\/?page_id=15862","url":"https:\/\/www.gastonballiot.fr\/?page_id=15862","name":"Palestine, son histoire. Un documentaire essentiel. - Le blog politique de Gaston","isPartOf":{"@id":"https:\/\/www.gastonballiot.fr\/#website"},"datePublished":"2026-04-22T08:53:39+00:00","dateModified":"2026-04-22T13:25:55+00:00","breadcrumb":{"@id":"https:\/\/www.gastonballiot.fr\/?page_id=15862#breadcrumb"},"inLanguage":"fr-FR","potentialAction":[{"@type":"ReadAction","target":["https:\/\/www.gastonballiot.fr\/?page_id=15862"]}]},{"@type":"BreadcrumbList","@id":"https:\/\/www.gastonballiot.fr\/?page_id=15862#breadcrumb","itemListElement":[{"@type":"ListItem","position":1,"name":"Accueil","item":"https:\/\/www.gastonballiot.fr\/"},{"@type":"ListItem","position":2,"name":"Palestine, son histoire. Un documentaire essentiel."}]},{"@type":"WebSite","@id":"https:\/\/www.gastonballiot.fr\/#website","url":"https:\/\/www.gastonballiot.fr\/","name":"Le blog politique de Gaston","description":"L&#039;humain d&#039;abord, pas la finance !","publisher":{"@id":"https:\/\/www.gastonballiot.fr\/#\/schema\/person\/244a5e02696abd8a65c5b1bebdb948ca"},"potentialAction":[{"@type":"SearchAction","target":{"@type":"EntryPoint","urlTemplate":"https:\/\/www.gastonballiot.fr\/?s={search_term_string}"},"query-input":{"@type":"PropertyValueSpecification","valueRequired":true,"valueName":"search_term_string"}}],"inLanguage":"fr-FR"},{"@type":["Person","Organization"],"@id":"https:\/\/www.gastonballiot.fr\/#\/schema\/person\/244a5e02696abd8a65c5b1bebdb948ca","name":"gb","image":{"@type":"ImageObject","inLanguage":"fr-FR","@id":"https:\/\/i0.wp.com\/www.gastonballiot.fr\/wp-content\/uploads\/2017\/04\/cropped-Marianne-drapeau-rouge.gif?fit=512%2C512&ssl=1","url":"https:\/\/i0.wp.com\/www.gastonballiot.fr\/wp-content\/uploads\/2017\/04\/cropped-Marianne-drapeau-rouge.gif?fit=512%2C512&ssl=1","contentUrl":"https:\/\/i0.wp.com\/www.gastonballiot.fr\/wp-content\/uploads\/2017\/04\/cropped-Marianne-drapeau-rouge.gif?fit=512%2C512&ssl=1","width":512,"height":512,"caption":"gb"},"logo":{"@id":"https:\/\/i0.wp.com\/www.gastonballiot.fr\/wp-content\/uploads\/2017\/04\/cropped-Marianne-drapeau-rouge.gif?fit=512%2C512&ssl=1"},"description":"Gaston Balliot, militant du Front de Gauche en pays bigouden - Pont L'Abb\u00e9 - Loctudy - Guilvinec - Penmarc'h - Ile Tudy - Combrit Ste Marine - Tr\u00e9meoc - Plon\u00e9our, p\u00eache tourisme","sameAs":["https:\/\/www.facebook.com\/gaston.balliot\/"]}]}},"jetpack_shortlink":"https:\/\/wp.me\/P5UTaD-47Q","jetpack-related-posts":[],"jetpack_likes_enabled":true,"jetpack_sharing_enabled":true,"_links":{"self":[{"href":"https:\/\/www.gastonballiot.fr\/index.php?rest_route=\/wp\/v2\/pages\/15862","targetHints":{"allow":["GET"]}}],"collection":[{"href":"https:\/\/www.gastonballiot.fr\/index.php?rest_route=\/wp\/v2\/pages"}],"about":[{"href":"https:\/\/www.gastonballiot.fr\/index.php?rest_route=\/wp\/v2\/types\/page"}],"author":[{"embeddable":true,"href":"https:\/\/www.gastonballiot.fr\/index.php?rest_route=\/wp\/v2\/users\/1"}],"replies":[{"embeddable":true,"href":"https:\/\/www.gastonballiot.fr\/index.php?rest_route=%2Fwp%2Fv2%2Fcomments&post=15862"}],"version-history":[{"count":5,"href":"https:\/\/www.gastonballiot.fr\/index.php?rest_route=\/wp\/v2\/pages\/15862\/revisions"}],"predecessor-version":[{"id":15870,"href":"https:\/\/www.gastonballiot.fr\/index.php?rest_route=\/wp\/v2\/pages\/15862\/revisions\/15870"}],"wp:attachment":[{"href":"https:\/\/www.gastonballiot.fr\/index.php?rest_route=%2Fwp%2Fv2%2Fmedia&parent=15862"}],"curies":[{"name":"wp","href":"https:\/\/api.w.org\/{rel}","templated":true}]}}