{"id":3801,"date":"2017-06-30T20:22:54","date_gmt":"2017-06-30T18:22:54","guid":{"rendered":"http:\/\/www.gastonballiot.fr\/?page_id=3801"},"modified":"2026-04-22T14:47:31","modified_gmt":"2026-04-22T12:47:31","slug":"palestine","status":"publish","type":"page","link":"https:\/\/www.gastonballiot.fr\/?page_id=3801","title":{"rendered":"Palestine"},"content":{"rendered":"<div>\n<h3 style=\"text-align: center;\"><span style=\"color: #ff0000;\">Nelson Mandela : <em>\u00ab\u00a0Nous savons bien que notre libert\u00e9 est incompl\u00e8te sans la libert\u00e9 des Palestiniens\u00a0\u00bb<\/em><\/span><\/h3>\n<h2 class=\"t-article-h1 u-margin-b-6 c-red gs-column @sm:gs-column-8 @lg:gs-column-10 @wd:gs-column-8 u-centered-on-x u-block t-align-center\" style=\"text-align: center;\"><a href=\"https:\/\/www.gastonballiot.fr\/?page_id=15862\" target=\"_blank\" rel=\"noopener\">La Palestine, une histoire,<\/a><br \/>\nun documentaire en 3 \u00e9pisodes<br \/>\ndiffus\u00e9 en avril 2026 sur France 5<\/h2>\n<h2><a href=\"https:\/\/i0.wp.com\/www.gastonballiot.fr\/wp-content\/uploads\/2015\/01\/evolutionpalestine.jpg\"><img data-recalc-dims=\"1\" loading=\"lazy\" decoding=\"async\" data-attachment-id=\"288\" data-permalink=\"https:\/\/www.gastonballiot.fr\/?attachment_id=288#main\" data-orig-file=\"https:\/\/i0.wp.com\/www.gastonballiot.fr\/wp-content\/uploads\/2015\/01\/evolutionpalestine.jpg?fit=628%2C433&amp;ssl=1\" data-orig-size=\"628,433\" data-comments-opened=\"1\" data-image-meta=\"{&quot;aperture&quot;:&quot;0&quot;,&quot;credit&quot;:&quot;&quot;,&quot;camera&quot;:&quot;&quot;,&quot;caption&quot;:&quot;&quot;,&quot;created_timestamp&quot;:&quot;0&quot;,&quot;copyright&quot;:&quot;&quot;,&quot;focal_length&quot;:&quot;0&quot;,&quot;iso&quot;:&quot;0&quot;,&quot;shutter_speed&quot;:&quot;0&quot;,&quot;title&quot;:&quot;&quot;,&quot;orientation&quot;:&quot;0&quot;}\" data-image-title=\"EvolutionPalestine\" data-image-description=\"\" data-image-caption=\"\" data-medium-file=\"https:\/\/i0.wp.com\/www.gastonballiot.fr\/wp-content\/uploads\/2015\/01\/evolutionpalestine.jpg?fit=300%2C207&amp;ssl=1\" data-large-file=\"https:\/\/i0.wp.com\/www.gastonballiot.fr\/wp-content\/uploads\/2015\/01\/evolutionpalestine.jpg?fit=628%2C433&amp;ssl=1\" class=\"aligncenter wp-image-288 size-full\" src=\"https:\/\/i0.wp.com\/www.gastonballiot.fr\/wp-content\/uploads\/2015\/01\/evolutionpalestine.jpg?resize=628%2C433\" alt=\"EvolutionPalestine\" width=\"628\" height=\"433\" srcset=\"https:\/\/i0.wp.com\/www.gastonballiot.fr\/wp-content\/uploads\/2015\/01\/evolutionpalestine.jpg?w=628&amp;ssl=1 628w, https:\/\/i0.wp.com\/www.gastonballiot.fr\/wp-content\/uploads\/2015\/01\/evolutionpalestine.jpg?resize=300%2C207&amp;ssl=1 300w\" sizes=\"auto, (max-width: 628px) 100vw, 628px\" \/><\/a><\/h2>\n<h2>Comprendre les origines du probl\u00e8me :<\/h2>\n<ul>\n<li><a href=\"https:\/\/www.gastonballiot.fr\/wp-content\/uploads\/2015\/01\/Balfour_Histoire_Moyen-Orient_-Huma-2-nov17.pdf\"><strong>La d\u00e9claration Balfour en 1917<\/strong><\/a><\/li>\n<li><strong><a href=\"https:\/\/www.gastonballiot.fr\/wp-content\/uploads\/2015\/01\/NadinePicaudou_sionisme.pdf\">Le sionisme a justifi\u00e9 l&rsquo;appropriation britannique de la Palestine il y a un si\u00e8cle, entretien avec l&rsquo;historienne Nadine Picaudou, nov 2017<\/a><\/strong><\/li>\n<li>\n<p class=\"crayon article-surtitre-16205 surtitre\"><a href=\"https:\/\/www.monde-diplomatique.fr\/2008\/08\/SAND\/16205\" target=\"_blank\" rel=\"noopener noreferrer\"><strong>D\u00e9construction d\u2019une histoire mythique : Comment fut invent\u00e9 le peuple juif, par <span class=\"auteurs\">Shlomo Sand, historien isra\u00e9lien<\/span><\/strong><\/a><\/p>\n<hr>\n<p class=\"crayon article-surtitre-16205 surtitre\">&nbsp;<\/p>\n<div class=\"crayon article-chapo-16205 chapo\">&nbsp;<\/div>\n<\/li>\n<\/ul>\n<div>\n<hr>\n<p><strong><a href=\"http:\/\/www.france-palestine.org\/article11097.html\">Crimes de guerre \u00e0 Gaza&nbsp;; la p\u00e9tition internationale remise aux Nations unies<\/a><\/strong><\/p>\n<\/div>\n<div>\n<div>\n<p>Forte de plus de 150 000 signatures (dont des signatures papiers) \u00e9manant de 118 pays, la p\u00e9tition internationale adress\u00e9e \u00e0 l\u2019Assembl\u00e9e G\u00e9n\u00e9rale des Nations unies, pour mettre en place un tribunal p\u00e9nal international ad hoc afin de juger les crimes de guerre isra\u00e9liens, notamment \u00e0 Gaza, a \u00e9t\u00e9 envoy\u00e9e au Pr\u00e9sident de l\u2019Assembl\u00e9e g\u00e9n\u00e9rale des Nations unies \u00e0 l\u2019occasion de la session de septembre 2009.<\/p>\n<\/div>\n<\/div>\n<\/div>\n<div>&nbsp;<\/div>\n<h3>Un mur \u00ab\u00a0de la honte\u00a0\u00bb peut en cacher un autre<\/h3>\n<div>\n<p><a href=\"https:\/\/i0.wp.com\/www.gastonballiot.fr\/wp-content\/uploads\/2015\/01\/berlin-palestine.jpg\">&nbsp;\u00e9pisodesdiffus&amp;enavril &nbsp;\u00e9pisodesdiffus\u00e9enavril <img data-recalc-dims=\"1\" loading=\"lazy\" decoding=\"async\" data-attachment-id=\"292\" data-permalink=\"https:\/\/www.gastonballiot.fr\/?attachment_id=292\" data-orig-file=\"https:\/\/i0.wp.com\/www.gastonballiot.fr\/wp-content\/uploads\/2015\/01\/berlin-palestine.jpg?fit=511%2C727&amp;ssl=1\" data-orig-size=\"511,727\" data-comments-opened=\"1\" data-image-meta=\"{&quot;aperture&quot;:&quot;0&quot;,&quot;credit&quot;:&quot;&quot;,&quot;camera&quot;:&quot;&quot;,&quot;caption&quot;:&quot;&quot;,&quot;created_timestamp&quot;:&quot;0&quot;,&quot;copyright&quot;:&quot;&quot;,&quot;focal_length&quot;:&quot;0&quot;,&quot;iso&quot;:&quot;0&quot;,&quot;shutter_speed&quot;:&quot;0&quot;,&quot;title&quot;:&quot;&quot;,&quot;orientation&quot;:&quot;0&quot;}\" data-image-title=\"berlin-palestine\" data-image-description=\"\" data-image-caption=\"\" data-medium-file=\"https:\/\/i0.wp.com\/www.gastonballiot.fr\/wp-content\/uploads\/2015\/01\/berlin-palestine.jpg?fit=211%2C300&amp;ssl=1\" data-large-file=\"https:\/\/i0.wp.com\/www.gastonballiot.fr\/wp-content\/uploads\/2015\/01\/berlin-palestine.jpg?fit=511%2C727&amp;ssl=1\" class=\"aligncenter wp-image-292 size-full\" src=\"https:\/\/i0.wp.com\/www.gastonballiot.fr\/wp-content\/uploads\/2015\/01\/berlin-palestine.jpg?resize=511%2C727\" alt=\"berlin-palestine\" width=\"511\" height=\"727\" srcset=\"https:\/\/i0.wp.com\/www.gastonballiot.fr\/wp-content\/uploads\/2015\/01\/berlin-palestine.jpg?w=511&amp;ssl=1 511w, https:\/\/i0.wp.com\/www.gastonballiot.fr\/wp-content\/uploads\/2015\/01\/berlin-palestine.jpg?resize=211%2C300&amp;ssl=1 211w\" sizes=\"auto, (max-width: 511px) 100vw, 511px\" \/><\/a><\/p>\n<\/div>\n<div>\n<p>Le&nbsp; 9 novembre 1989, le&nbsp; sur France mur de Berl sur france in s\u2019effondrait et les nations applaudissaient \u00e0 la r\u00e9unification des familles Berlinoises.&nbsp; 20 ans apr\u00e8s, nous c\u00e9l\u00e9brons cet anniversaire.<\/p>\n<\/div>\n<div>\n<p>Pour autant, cette c\u00e9l\u00e9bration ne doit pas&nbsp; nous faire &nbsp;oublier que depuis 2002, l\u2019Etat d\u2019Isra\u00ebl a entrepris la construction d\u2019un mur de plus de 720 kms au motif de prot\u00e9ger ses colonies install\u00e9es, en toute ill\u00e9galit\u00e9, dans les territoires&nbsp; occup\u00e9s.<\/p>\n<\/div>\n<div>\n<p>Sa construction &nbsp;rend encore plus pr\u00e9caire la survie des populations Palestiniennes et s\u2019accompagne d\u2019humiliations, de spoliation des&nbsp; terres, &nbsp;de destruction des cultures et des habitations sans mesures compensatoires.<\/p>\n<\/div>\n<div>\n<p>L\u2019\u00e9dification de ce mur a maintes fois \u00e9t\u00e9 condamn\u00e9e par l\u2019ONU et surtout par&nbsp; la Cour Internationale de Justice qui, dans son avis du 9 juillet 2004, pr\u00e9cise&nbsp;:&nbsp;<em>\u00ab L&rsquo;\u00e9dification du mur qu&rsquo;Isra\u00ebl, puissance occupante, est en train de construire dans le territoire palestinien occup\u00e9, y compris \u00e0 l&rsquo;int\u00e9rieur et sur le pourtour de J\u00e9rusalem-Est, et le r\u00e9gime qui lui est associ\u00e9, sont contraires au droit international \u00bb.<\/em><\/p>\n<\/div>\n<div>\n<hr>\n<\/div>\n<ul>\n<li><a href=\"http:\/\/www.gastonballiot.fr\/lambassadrice-disrael-rejetee-de-sciences-po-rennes\/\" target=\"_blank\" rel=\"noopener noreferrer\">30 mars 2017 : l\u2019ambassadrice d&rsquo;Isra\u00ebl refoul\u00e9e de Sciences-Po Rennes<\/a><\/li>\n<li><a href=\"http:\/\/www.gastonballiot.fr\/brutale-hideuse-et-illegale-9-choses-que-vous-devez-savoir-sur-loccupation-israelienne-de-la-palestine\/\" target=\"_blank\" rel=\"noopener noreferrer\">9 choses \u00e0 savoir sur l&rsquo;occupation isra\u00eblienne, publi\u00e9 en avril 2016<\/a><\/li>\n<li><a href=\"http:\/\/www.gastonballiot.fr\/palestine-occupee\/\" target=\"_blank\" rel=\"noopener noreferrer\">Palestine occup\u00e9e, publi\u00e9 en avril 2015<\/a><\/li>\n<li><a href=\"http:\/\/www.gastonballiot.fr\/stop-aux-crimes-disrael-en-palestine\/\" target=\"_blank\" rel=\"noopener noreferrer\">Les crimes d&rsquo;Isra\u00ebl en juillet 2014<\/a><\/li>\n<\/ul>\n<div class=\"text_exposed_show\">&nbsp;<\/div>\n<h1 style=\"text-align: center;\">Dossier<\/h1>\n<p style=\"text-align: center;\"><span style=\"color: #ff6600;\">Pour s&rsquo;informer et participer :<\/span><\/p>\n<h2 style=\"text-align: center;\"><a href=\"https:\/\/i0.wp.com\/www.gastonballiot.fr\/wp-content\/uploads\/2017\/06\/FrancePalestineSolidarit%C3%A9.png\"><img data-recalc-dims=\"1\" loading=\"lazy\" decoding=\"async\" data-attachment-id=\"3816\" data-permalink=\"https:\/\/www.gastonballiot.fr\/?attachment_id=3816#main\" data-orig-file=\"https:\/\/i0.wp.com\/www.gastonballiot.fr\/wp-content\/uploads\/2017\/06\/FrancePalestineSolidarit%C3%A9.png?fit=591%2C598&amp;ssl=1\" data-orig-size=\"591,598\" data-comments-opened=\"1\" data-image-meta=\"{&quot;aperture&quot;:&quot;0&quot;,&quot;credit&quot;:&quot;&quot;,&quot;camera&quot;:&quot;&quot;,&quot;caption&quot;:&quot;&quot;,&quot;created_timestamp&quot;:&quot;0&quot;,&quot;copyright&quot;:&quot;&quot;,&quot;focal_length&quot;:&quot;0&quot;,&quot;iso&quot;:&quot;0&quot;,&quot;shutter_speed&quot;:&quot;0&quot;,&quot;title&quot;:&quot;&quot;,&quot;orientation&quot;:&quot;0&quot;}\" data-image-title=\"FrancePalestineSolidarit\u00e9\" data-image-description=\"\" data-image-caption=\"\" data-medium-file=\"https:\/\/i0.wp.com\/www.gastonballiot.fr\/wp-content\/uploads\/2017\/06\/FrancePalestineSolidarit%C3%A9.png?fit=296%2C300&amp;ssl=1\" data-large-file=\"https:\/\/i0.wp.com\/www.gastonballiot.fr\/wp-content\/uploads\/2017\/06\/FrancePalestineSolidarit%C3%A9.png?fit=591%2C598&amp;ssl=1\" class=\"alignleft wp-image-3816\" src=\"https:\/\/i0.wp.com\/www.gastonballiot.fr\/wp-content\/uploads\/2017\/06\/FrancePalestineSolidarit%C3%A9.png?resize=265%2C268\" alt=\"\" width=\"265\" height=\"268\" srcset=\"https:\/\/i0.wp.com\/www.gastonballiot.fr\/wp-content\/uploads\/2017\/06\/FrancePalestineSolidarit%C3%A9.png?w=591&amp;ssl=1 591w, https:\/\/i0.wp.com\/www.gastonballiot.fr\/wp-content\/uploads\/2017\/06\/FrancePalestineSolidarit%C3%A9.png?resize=296%2C300&amp;ssl=1 296w\" sizes=\"auto, (max-width: 265px) 100vw, 265px\" \/><\/a><a href=\"http:\/\/www.france-palestine.org\/\" target=\"_blank\" rel=\"noopener noreferrer\">L&rsquo;association France Palestine Solidarit\u00e9&nbsp;<\/a><\/h2>\n<h2 style=\"text-align: center;\"><a href=\"https:\/\/www.bdsfrance.org\/\" target=\"_blank\" rel=\"noopener noreferrer\">BDS : Boycott Desinvestissement Sanctions<br \/>\n<\/a><\/h2>\n<p style=\"text-align: center;\">La plupart des produits vendus comme venant d&rsquo;Isra\u00ebl sont en fait produits dans les colonies en Palestine, sur des terres vol\u00e9es aux paysans palestiniens et qui sont eux oblig\u00e9s d&rsquo;y travailler dans des conditions frisant l&rsquo;esclavage. Quand il y avait l&rsquo;apartheid en Afrique du Sud nous avions organis\u00e9 un boycott de ce pays. Il est important d&rsquo;agir de m\u00eame envers l&rsquo;apartheid mis en place par Isra\u00ebl, d&rsquo;o\u00f9 le mouvement BDS.<\/p>\n<p style=\"text-align: center;\"><span style=\"color: #ff6600;\">Pour s&rsquo;informer :<\/span><\/p>\n<h2 style=\"text-align: center;\"><a href=\"http:\/\/www.agencemediapalestine.fr\" target=\"_blank\" rel=\"noopener noreferrer\">Agence Media Palestine<\/a><\/h2>\n<hr>\n<hr>\n<hr>\n<h2>Les origines du conflit Isra\u00ebl\/Palestine :&nbsp;<span style=\"font-size: 14pt;\"><strong><a href=\"http:\/\/www.gastonballiot.fr\/wp-content\/uploads\/2015\/01\/Les_Origines_du_Conflit_Israelo-Palestinien.pdf\" target=\"_blank\" rel=\"noopener noreferrer\">Un document complet en PDF<\/a><\/strong><\/span><\/h2>\n<p style=\"padding-left: 40px;\">1<br \/>\n<span style=\"font-size: 10pt;\"><em>PUBLI\u00c9 PAR DES JUIFS POUR LA JUSTICE AU PROCHE-ORIENT<\/em><\/span><br \/>\n<span style=\"font-size: 10pt;\"><em>Les origines du conflit<\/em><\/span><br \/>\n<span style=\"font-size: 10pt;\"><em>isra\u00e9lo-palestinien<\/em><\/span><br \/>\n<span style=\"font-size: 10pt;\"><em>Alors que le Proche-Orient baigne r\u00e9guli\u00e8rement dans le sang, la recherche<\/em><\/span><br \/>\n<span style=\"font-size: 10pt;\"><em>d\u2019une solution \u00e9quitable implique que l\u2019on s\u2019attaque aux racines du conflit. La<\/em><\/span><br \/>\n<span style=\"font-size: 10pt;\"><em>sagesse [juive], dans sa forme conventionnelle, a l\u2019habitude de rappeler que,<\/em><\/span><br \/>\n<span style=\"font-size: 10pt;\"><em>m\u00eame si les deux parties ont leur part de responsabilit\u00e9, les Palestiniens sont<\/em><\/span><br \/>\n<span style=\"font-size: 10pt;\"><em>des \u00ab terroristes \u00bb irresponsables sans aucun point de vue valable m\u00e9ritant<\/em><\/span><br \/>\n<span style=\"font-size: 10pt;\"><em>d\u2019\u00eatre \u00e9cout\u00e9. Cependant, nous, nous pensons que les griefs des palestiniens<\/em><\/span><br \/>\n<span style=\"font-size: 10pt;\"><em>sont parfaitement justifi\u00e9s : durant la cr\u00e9ation de l\u2019Etat d\u2019Isra\u00ebl, ils ont \u00e9t\u00e9<\/em><\/span><br \/>\n<span style=\"font-size: 10pt;\"><em>d\u00e9poss\u00e9d\u00e9s de leur terre d\u2019origine plus que mill\u00e9naire, sans qu\u2019on leur demande<\/em><\/span><br \/>\n<span style=\"font-size: 10pt;\"><em>leur avis et surtout par la force. Et tous les crimes ult\u00e9rieurs \u2013 commis de part<\/em><\/span><br \/>\n<span style=\"font-size: 10pt;\"><em>et d\u2019autre \u2013 sont la cons\u00e9quence in\u00e9luctable de cette injustice.<\/em><\/span><br \/>\n<span style=\"font-size: 10pt;\"><em>Cet expos\u00e9 d\u00e9crit l\u2019histoire de la Palestine dans ses grandes lignes. Son but est<\/em><\/span><br \/>\n<span style=\"font-size: 10pt;\"><em>de d\u00e9montrer de quelle mani\u00e8re ce processus s\u2019est d\u00e9roul\u00e9 et \u00e0 quoi devrait<\/em><\/span><br \/>\n<span style=\"font-size: 10pt;\"><em>ressembler une solution morale aux probl\u00e8mes de la r\u00e9gion. Si vous vous<\/em><\/span><br \/>\n<span style=\"font-size: 10pt;\"><em>int\u00e9ressez aux peuples du Proche-Orient, les Juifs et les Arabes, vous vous<\/em><\/span><br \/>\n<span style=\"font-size: 10pt;\"><em>devez de lire cette contribution<\/em> <\/span><\/p>\n<h2 style=\"text-align: center;\"><strong><a href=\"http:\/\/www.gastonballiot.fr\/wp-content\/uploads\/2015\/01\/Les_Origines_du_Conflit_Israelo-Palestinien.pdf\" target=\"_blank\" rel=\"noopener noreferrer\">Le document complet en PDF<\/a><\/strong><\/h2>\n<hr>\n<div>\n<hr>\n<hr>\n<h4>Avril 2012, \u00ab\u00a0Ce qui doit \u00eatre dit\u00a0\u00bb par G\u00fcnter Grass\u00a0\u00bb prix Nobel de litt\u00e9rature allemand. &nbsp;&nbsp;<a href=\"https:\/\/docs.google.com\/file\/d\/0B859BA7TljtdV1lBY3RsZ1ZhR28\/edit?usp=sharing\">&#8212;&gt; Lire en pdf<\/a><\/h4>\n<h4 class=\"entry-title\"><a href=\"https:\/\/www.gastonballiot.fr\/non-critiquer-israel-nest-pas-etre-antisemite-cette-campagne-malhonnete-sert-seulement-a-couvrir-le-colonialisme-et-loppression-en-palestine\/\" target=\"_blank\" rel=\"noopener noreferrer\">Non, critiquer Isra\u00ebl n\u2019est pas \u00eatre antis\u00e9mite ! Cette campagne malhonn\u00eate sert seulement \u00e0 couvrir le colonialisme et l\u2019oppression en Palestine.<\/a><\/h4>\n<p><strong><a href=\"http:\/\/www.france-palestine.org\/article11097.html\">Crimes de guerre \u00e0 Gaza&nbsp;; la p\u00e9tition internationale 2009 remise aux Nations unies<\/a><\/strong><\/p>\n<\/div>\n<div>\n<div>\n<p>Forte de plus de 150 000 signatures (dont des signatures papiers) \u00e9manant de 118 pays, la p\u00e9tition internationale adress\u00e9e \u00e0 l\u2019Assembl\u00e9e G\u00e9n\u00e9rale des Nations unies, pour mettre en place un tribunal p\u00e9nal international ad hoc afin de juger les crimes de guerre isra\u00e9liens, notamment \u00e0 Gaza, a \u00e9t\u00e9 envoy\u00e9e au Pr\u00e9sident de l\u2019Assembl\u00e9e g\u00e9n\u00e9rale des Nations unies \u00e0 l\u2019occasion de la session de septembre 2009.<\/p>\n<hr>\n<p style=\"text-align: center;\"><a href=\"https:\/\/c-pour-dire.com\/2006_07_le_procheorient\/\" target=\"_blank\" rel=\"noopener noreferrer\">Le Proche-Orient pour les nuls, un texte paru en 2006 sur le site du CAPJPO (Coordination des appels pour une paix juste au Proche Orient)<\/a><\/p>\n<p><a href=\"https:\/\/i0.wp.com\/www.gastonballiot.fr\/wp-content\/uploads\/2017\/06\/60panneauxsolaires.jpg\"><img data-recalc-dims=\"1\" loading=\"lazy\" decoding=\"async\" data-attachment-id=\"3825\" data-permalink=\"https:\/\/www.gastonballiot.fr\/?attachment_id=3825#main\" data-orig-file=\"https:\/\/i0.wp.com\/www.gastonballiot.fr\/wp-content\/uploads\/2017\/06\/60panneauxsolaires.jpg?fit=548%2C482&amp;ssl=1\" data-orig-size=\"548,482\" data-comments-opened=\"1\" data-image-meta=\"{&quot;aperture&quot;:&quot;0&quot;,&quot;credit&quot;:&quot;&quot;,&quot;camera&quot;:&quot;&quot;,&quot;caption&quot;:&quot;&quot;,&quot;created_timestamp&quot;:&quot;0&quot;,&quot;copyright&quot;:&quot;&quot;,&quot;focal_length&quot;:&quot;0&quot;,&quot;iso&quot;:&quot;0&quot;,&quot;shutter_speed&quot;:&quot;0&quot;,&quot;title&quot;:&quot;&quot;,&quot;orientation&quot;:&quot;0&quot;}\" data-image-title=\"60panneauxsolaires\" data-image-description=\"\" data-image-caption=\"\" data-medium-file=\"https:\/\/i0.wp.com\/www.gastonballiot.fr\/wp-content\/uploads\/2017\/06\/60panneauxsolaires.jpg?fit=300%2C264&amp;ssl=1\" data-large-file=\"https:\/\/i0.wp.com\/www.gastonballiot.fr\/wp-content\/uploads\/2017\/06\/60panneauxsolaires.jpg?fit=548%2C482&amp;ssl=1\" class=\"size-full wp-image-3825 aligncenter\" src=\"https:\/\/i0.wp.com\/www.gastonballiot.fr\/wp-content\/uploads\/2017\/06\/60panneauxsolaires.jpg?resize=548%2C482\" alt=\"\" width=\"548\" height=\"482\" srcset=\"https:\/\/i0.wp.com\/www.gastonballiot.fr\/wp-content\/uploads\/2017\/06\/60panneauxsolaires.jpg?w=548&amp;ssl=1 548w, https:\/\/i0.wp.com\/www.gastonballiot.fr\/wp-content\/uploads\/2017\/06\/60panneauxsolaires.jpg?resize=300%2C264&amp;ssl=1 300w\" sizes=\"auto, (max-width: 548px) 100vw, 548px\" \/><\/a><span style=\"font-size: 14pt;\"><strong>C\u2019est seulement \u00e0 Gaza !<\/strong><\/span><\/p>\n<p>par Ziad Medoukh<\/p>\n<p>C\u2019est seulement \u00e0 Gaza, une r\u00e9gion au bord de la mer, une r\u00e9gion m\u00e9diterran\u00e9enne, qui n\u2019a toujours pas le droit encore \u00e0 un port par d\u00e9cision de l\u2019arm\u00e9e de l\u2019occupation.<br \/>\nC\u2019est seulement \u00e0 Gaza que la population vit dans une prison \u00e0 ciel ouvert.<br \/>\nC\u2019est seulement \u00e0 Gaza, que le nombre d\u2019habitants est en augmentation permanente, malgr\u00e9 les conditions de vie chaotiques, malgr\u00e9 l\u2019interdiction aux malades de se soigner \u00e0 l\u2019\u00e9tranger, et malgr\u00e9 la p\u00e9nurie de m\u00e9dicaments, et la faiblesse des moyens m\u00e9dicaux.<br \/>\nC\u2019est seulement \u00e0 Gaza, qu\u2019on a le droit \u00e0 deux heures d\u2019\u00e9lectricit\u00e9 par jour.<br \/>\nC\u2019est seulement \u00e0 Gaza que les jeunes ne pensent pas \u00e0 partir et quitter leur r\u00e9gion en d\u00e9pit de toutes les conditions inhumaines sur place.<br \/>\nC\u2019est seulement \u00e0 Gaza que personne ne dort dans la rue malgr\u00e9 la pr\u00e9carit\u00e9, et les conditions de vie tr\u00e8s dures dans cette r\u00e9gion sous blocus.<br \/>\nC\u2019est seulement \u00e0 Gaza, que le nombre d\u2019\u00e9tudiants dans les universit\u00e9s et les facult\u00e9s augmente, et que le nombre d\u2019universit\u00e9 s\u2019accroit , avec 15 grandes universit\u00e9s et facult\u00e9s qui accueillent plus de 120.000 \u00e9tudiants , malgr\u00e9 le taux de ch\u00f4mage qui d\u00e9passe les 65%, et l\u2019absence de perspectives pour l\u2019avenir.<br \/>\nC\u2019est seulement \u00e0 Gaza que presque le tiers de la population n\u2019a jamais voyag\u00e9.<br \/>\nC\u2019est seulement \u00e0 Gaza que presque toute la population passe les vacances sur place, \u00e0 cause de la fermeture des passages.<br \/>\nC\u2019est seulement \u00e0 Gaza, que le taux de scolarisation d\u00e9passe les 93%, en d\u00e9pit d\u2019une situation catastrophique.<br \/>\nC\u2019est seulement \u00e0 Gaza qu\u2019on vit encore \u00e0 c\u00f4t\u00e9 des ruines des maisons d\u00e9truites.<br \/>\nC\u2019est seulement \u00e0 Gaza que les cours se font dans des classes et \u00e9coles d\u00e9truites.<br \/>\nC\u2019est seulement \u00e0 Gaza qu\u2019on supporte un blocus inhumain qui dure depuis plus de dix ans.<br \/>\nC\u2019est seulement \u00e0 Gaza, qu\u2019on n\u2019a pas le droit \u00e0 une liste de 1300 produits qui n\u2019entrent pas dans cette r\u00e9gion par ordre militaire de l\u2019occupation.<br \/>\nC\u2019est seulement \u00e0 Gaza, que quand il y a un bombardement, les habitants avec leur courage se rassemblent sur le lieu du bombardement pour aider les secouristes et les pompiers.<br \/>\nC\u2019est seulement \u00e0 Gaza que les paysans continuent de cultiver leurs terrains dans les zones tampons et frontali\u00e8res, malgr\u00e9 la pr\u00e9sence et les menaces des soldats de l\u2019occupation.<br \/>\nC\u2019est seulement \u00e0 Gaza que les p\u00eacheurs continuent de p\u00eacher dans des zones limit\u00e9es, malgr\u00e9 la pr\u00e9sence et les menaces de la marine de l\u2019occupation.<br \/>\nC\u2019est seulement \u00e0 Gaza, que la moiti\u00e9 de la population vit avec moins de 2 euros par jour.<br \/>\nC\u2019est seulement \u00e0 Gaza que la population a subi trois offensives militaires en 5 ans.<br \/>\nC\u2019est seulement \u00e0 Gaza, cette r\u00e9gion sur la c\u00f4te, que les habitants n\u2019ont pas un acc\u00e8s facile \u00e0 la mer, soit \u00e0 cause de la pr\u00e9sence de la marine de l\u2019occupation, soit \u00e0 cause de la pollution.<br \/>\nC\u2019est seulement \u00e0 Gaza que la majorit\u00e9 des fonctionnaires touchent entre 30 et 40 % de leurs salaires et continuent \u00e0 travailler.<br \/>\nC\u2019est seulement \u00e0 Gaza qu\u2019une m\u00e8re de famille se r\u00e9veille \u00e0 deux heures du matin quand il y a du courant pour faire fonctionner les appareils \u00e9lectriques.<br \/>\nC\u2019est seulement \u00e0 Gaza, que les jeunes fr\u00e9quentent les caf\u00e9s munis des g\u00e9n\u00e9rateurs pour r\u00e9viser leurs cours et pr\u00e9parer leurs examens .<br \/>\nC\u2019est seulement \u00e0 Gaza que des personnes se l\u00e8vent \u00e0 n\u2019importe quel moment, la nuit, quand il y a le courant, pour donner des nouvelles sur la situation sur place et pour t\u00e9moigner pour le mouvement de solidarit\u00e9.<br \/>\nC\u2019est seulement \u00e0 Gaza que la solidarit\u00e9 familiale et l\u2019accueil des \u00e9tranger se d\u00e9veloppent malgr\u00e9 la pauvret\u00e9 et le manque de ressources.<br \/>\nC\u2019est seulement \u00e0 Gaza, que la population s\u2019accroche \u00e0 la vie, alors que les voisins plus que les ennemis veulent qu\u2019elle disparaisse.<br \/>\nC\u2019est seulement \u00e0 Gaza qu\u2019on continue \u00e0 vivre alors que tous les secteurs vitaux sont paralys\u00e9s.<br \/>\nC\u2019est seulement \u00e0 Gaza que la population est toujours debout malgr\u00e9 la crise humanitaire et malgr\u00e9 toutes les mesures atroces de l\u2019occupation.<br \/>\nC\u2019est seulement \u00e0 Gaza que le sourire des enfants est un acte de r\u00e9sistance !<br \/>\nC\u2019est seulement \u00e0 Gaza qu\u2019on supporte l\u2019insupportable !<br \/>\nC\u2019est seulement \u00e0 Gaza qu\u2019on r\u00e9clame dignit\u00e9 avant nourriture !<br \/>\nC\u2019est seulement \u00e0 Gaza qu\u2019on r\u00e9siste pour vivre, et qu\u2019on vit pour r\u00e9sister !<br \/>\nC\u2019est seulement \u00e0 Gaza qu\u2019on vit l\u2019injustice et le malheur, mais on garde espoir pour l\u2019avenir !<\/p>\n<div class=\"n1l5q3vz\" style=\"text-align: center;\"><span class=\"d2edcug0 hpfvmrgz qv66sw1b c1et5uql lr9zc1uh a8c37x1j keod5gw0 nxhoafnm aigsh9s9 d3f4x2em fe6kdd0r mau55g9w c8b282yb mdeji52x a5q79mjw g1cxx5fr lrazzd5p oo9gr5id\" dir=\"auto\"><a href=\"https:\/\/i0.wp.com\/www.gastonballiot.fr\/wp-content\/uploads\/2021\/05\/PalestineGresh.jpg?ssl=1\"><img data-recalc-dims=\"1\" loading=\"lazy\" decoding=\"async\" data-attachment-id=\"9228\" data-permalink=\"https:\/\/www.gastonballiot.fr\/?attachment_id=9228#main\" data-orig-file=\"https:\/\/i0.wp.com\/www.gastonballiot.fr\/wp-content\/uploads\/2021\/05\/PalestineGresh.jpg?fit=887%2C461&amp;ssl=1\" data-orig-size=\"887,461\" data-comments-opened=\"1\" data-image-meta=\"{&quot;aperture&quot;:&quot;0&quot;,&quot;credit&quot;:&quot;&quot;,&quot;camera&quot;:&quot;&quot;,&quot;caption&quot;:&quot;&quot;,&quot;created_timestamp&quot;:&quot;0&quot;,&quot;copyright&quot;:&quot;&quot;,&quot;focal_length&quot;:&quot;0&quot;,&quot;iso&quot;:&quot;0&quot;,&quot;shutter_speed&quot;:&quot;0&quot;,&quot;title&quot;:&quot;&quot;,&quot;orientation&quot;:&quot;0&quot;}\" data-image-title=\"PalestineGresh\" data-image-description=\"\" data-image-caption=\"\" data-medium-file=\"https:\/\/i0.wp.com\/www.gastonballiot.fr\/wp-content\/uploads\/2021\/05\/PalestineGresh.jpg?fit=300%2C156&amp;ssl=1\" data-large-file=\"https:\/\/i0.wp.com\/www.gastonballiot.fr\/wp-content\/uploads\/2021\/05\/PalestineGresh.jpg?fit=887%2C461&amp;ssl=1\" class=\"aligncenter size-full wp-image-9228\" src=\"https:\/\/i0.wp.com\/www.gastonballiot.fr\/wp-content\/uploads\/2021\/05\/PalestineGresh.jpg?resize=887%2C461&#038;ssl=1\" alt=\"\" width=\"887\" height=\"461\" srcset=\"https:\/\/i0.wp.com\/www.gastonballiot.fr\/wp-content\/uploads\/2021\/05\/PalestineGresh.jpg?w=887&amp;ssl=1 887w, https:\/\/i0.wp.com\/www.gastonballiot.fr\/wp-content\/uploads\/2021\/05\/PalestineGresh.jpg?resize=300%2C156&amp;ssl=1 300w, https:\/\/i0.wp.com\/www.gastonballiot.fr\/wp-content\/uploads\/2021\/05\/PalestineGresh.jpg?resize=768%2C399&amp;ssl=1 768w, https:\/\/i0.wp.com\/www.gastonballiot.fr\/wp-content\/uploads\/2021\/05\/PalestineGresh.jpg?resize=600%2C312&amp;ssl=1 600w\" sizes=\"auto, (max-width: 887px) 100vw, 887px\" \/><\/a>La Palestine, toujours recommenc\u00e9e, par Alain Gresh<\/span><\/div>\n<div class=\"buofh1pr owomucta n1l5q3vz cxmmr5t8 enqfppq2 hcukyx3x hihg3u9x ggxiycxj qv66sw1b\">\n<p><span class=\"d2edcug0 hpfvmrgz qv66sw1b c1et5uql lr9zc1uh a8c37x1j keod5gw0 nxhoafnm aigsh9s9 d9wwppkn fe6kdd0r mau55g9w c8b282yb mdeji52x e9vueds3 j5wam9gi knj5qynh m9osqain\" dir=\"auto\">Texte publi\u00e9 en 2017&nbsp; \u00e0 l\u2019occasion des cinquante ans de la guerre des six jours. \/ Le 5 juin 1967 \u00e0 l\u2019aube, l\u2019arm\u00e9e isra\u00e9lienne d\u00e9truit au sol l\u2019aviation militaire \u00e9gyptienne. En six jours, elle conquiert le Sina\u00ef, le Golan syrien et la partie de la Palestine historique qui avait \u00e9chapp\u00e9 \u00e0 son contr\u00f4le en 1948 : la Cisjordanie, J\u00e9rusalem-Est et Gaza. Cinquante[-quatre] ans plus tard, l\u2019occupation se poursuit, mais la strat\u00e9gie d\u2019\u00e9radication de l\u2019aspiration nationale palestinienne se heurte \u00e0 une r\u00e9sistance enracin\u00e9e dans une longue histoire.<\/span><\/p>\n<p>Texte : <a class=\"oajrlxb2 g5ia77u1 qu0x051f esr5mh6w e9989ue4 r7d6kgcz rq0escxv nhd2j8a9 nc684nl6 p7hjln8o kvgmc6g5 cxmmr5t8 oygrvhab hcukyx3x jb3vyjys rz4wbd8a qt6c0cv9 a8nywdso i1ao9s8h esuyzwwr f1sip0of lzcic4wl py34i1dx gpro0wi8\" tabindex=\"0\" role=\"link\" href=\"https:\/\/www.monde-diplomatique.fr\/2017\/06\/GRESH\/57582?fbclid=IwAR3qXDYZgO0tsKrlwWxoi1fLOL3f32uBqmOsLPEnn0bmat-nFPdIifaP-20\" target=\"_blank\" rel=\"nofollow noopener\"><strong>https:\/\/www.monde-diplomatique.fr\/2017\/06\/GRESH\/57582<\/strong><\/a><br \/>\nAudio : <a class=\"oajrlxb2 g5ia77u1 qu0x051f esr5mh6w e9989ue4 r7d6kgcz rq0escxv nhd2j8a9 nc684nl6 p7hjln8o kvgmc6g5 cxmmr5t8 oygrvhab hcukyx3x jb3vyjys rz4wbd8a qt6c0cv9 a8nywdso i1ao9s8h esuyzwwr f1sip0of lzcic4wl py34i1dx gpro0wi8\" tabindex=\"0\" role=\"link\" href=\"https:\/\/www.monde-diplomatique.fr\/ecouter\/2017-06-La_Palestine_toujours_recommencee.mp3?fbclid=IwAR0OOFxzu9FvESkKcRjByTaVQQakumx4bhs0j3eZyuUdKooZIR0T-e-7v9s\" target=\"_blank\" rel=\"nofollow noopener\"><strong>https:\/\/www.monde-diplomatique.fr\/&#8230;\/2017-06-La&#8230;<\/strong><\/a><\/p>\n<p>Pour \u00e9couter tous les audios du \u00ab Diplo \u00bb : <a class=\"oajrlxb2 g5ia77u1 qu0x051f esr5mh6w e9989ue4 r7d6kgcz rq0escxv nhd2j8a9 nc684nl6 p7hjln8o kvgmc6g5 cxmmr5t8 oygrvhab hcukyx3x jb3vyjys rz4wbd8a qt6c0cv9 a8nywdso i1ao9s8h esuyzwwr f1sip0of lzcic4wl py34i1dx gpro0wi8\" tabindex=\"0\" role=\"link\" href=\"https:\/\/www.monde-diplomatique.fr\/audio\u200b?fbclid=IwAR19xcYebNiymX0G8y5mHn_l6xISLByVqprETIm7E4_SdBgfcRg6COJCWOw\" target=\"_blank\" rel=\"nofollow noopener\"><strong>https:\/\/www.monde-diplomatique.fr\/audio\u200b<\/strong><\/a><\/p>\n<p>Illustration : tir\u00e9e de la bande dessin\u00e9e d\u2019Alain Gresh et H\u00e9l\u00e8ne Aldeguer, \u00ab Un chant d\u2019amour. Isra\u00ebl-Palestine, une histoire fran\u00e7aise \u00bb (La D\u00e9couverte, Paris, 2017) : <a class=\"oajrlxb2 g5ia77u1 qu0x051f esr5mh6w e9989ue4 r7d6kgcz rq0escxv nhd2j8a9 nc684nl6 p7hjln8o kvgmc6g5 cxmmr5t8 oygrvhab hcukyx3x jb3vyjys rz4wbd8a qt6c0cv9 a8nywdso i1ao9s8h esuyzwwr f1sip0of lzcic4wl py34i1dx gpro0wi8\" tabindex=\"0\" role=\"link\" href=\"https:\/\/www.editionsladecouverte.fr\/un_chant_d_amour-9782707193773?fbclid=IwAR1Xo6_Kj16-nZY-WweOLtbptmnbS5aa5g4RU91J2PGTJ2jCGf95uT7djpM\" target=\"_blank\" rel=\"nofollow noopener\"><strong>https:\/\/www.editionsladecouverte.fr\/un_chant_d_amour&#8230;<\/strong><\/a><\/p>\n<p><a href=\"https:\/\/i0.wp.com\/www.gastonballiot.fr\/wp-content\/uploads\/2023\/11\/Palestine1947.jpg?ssl=1\"><img data-recalc-dims=\"1\" loading=\"lazy\" decoding=\"async\" data-attachment-id=\"11622\" data-permalink=\"https:\/\/www.gastonballiot.fr\/?attachment_id=11622#main\" data-orig-file=\"https:\/\/i0.wp.com\/www.gastonballiot.fr\/wp-content\/uploads\/2023\/11\/Palestine1947.jpg?fit=720%2C838&amp;ssl=1\" data-orig-size=\"720,838\" data-comments-opened=\"1\" data-image-meta=\"{&quot;aperture&quot;:&quot;0&quot;,&quot;credit&quot;:&quot;&quot;,&quot;camera&quot;:&quot;&quot;,&quot;caption&quot;:&quot;&quot;,&quot;created_timestamp&quot;:&quot;0&quot;,&quot;copyright&quot;:&quot;&quot;,&quot;focal_length&quot;:&quot;0&quot;,&quot;iso&quot;:&quot;0&quot;,&quot;shutter_speed&quot;:&quot;0&quot;,&quot;title&quot;:&quot;&quot;,&quot;orientation&quot;:&quot;0&quot;}\" data-image-title=\"Palestine1947\" data-image-description=\"\" data-image-caption=\"\" data-medium-file=\"https:\/\/i0.wp.com\/www.gastonballiot.fr\/wp-content\/uploads\/2023\/11\/Palestine1947.jpg?fit=258%2C300&amp;ssl=1\" data-large-file=\"https:\/\/i0.wp.com\/www.gastonballiot.fr\/wp-content\/uploads\/2023\/11\/Palestine1947.jpg?fit=720%2C838&amp;ssl=1\" class=\"aligncenter size-full wp-image-11622\" src=\"https:\/\/i0.wp.com\/www.gastonballiot.fr\/wp-content\/uploads\/2023\/11\/Palestine1947.jpg?resize=720%2C838&#038;ssl=1\" alt=\"\" width=\"720\" height=\"838\" srcset=\"https:\/\/i0.wp.com\/www.gastonballiot.fr\/wp-content\/uploads\/2023\/11\/Palestine1947.jpg?w=720&amp;ssl=1 720w, https:\/\/i0.wp.com\/www.gastonballiot.fr\/wp-content\/uploads\/2023\/11\/Palestine1947.jpg?resize=258%2C300&amp;ssl=1 258w\" sizes=\"auto, (max-width: 720px) 100vw, 720px\" \/><\/a><\/p>\n<\/div>\n<p>&nbsp;<\/p>\n<p>&nbsp;<\/p>\n<hr>\n<p style=\"text-align: center;\">&nbsp;<\/p>\n<\/div>\n<\/div>\n","protected":false},"excerpt":{"rendered":"<p>Nelson Mandela : \u00ab\u00a0Nous savons bien que notre libert\u00e9 est incompl\u00e8te sans la libert\u00e9 des Palestiniens\u00a0\u00bb La Palestine, une histoire, un documentaire en 3 \u00e9pisodes diffus\u00e9 en avril 2026 sur France 5 Comprendre les origines du probl\u00e8me : La d\u00e9claration Balfour en 1917 Le sionisme a justifi\u00e9 l&rsquo;appropriation britannique de la Palestine il y a un si\u00e8cle, entretien avec l&rsquo;historienne Nadine Picaudou, nov 2017 D\u00e9construction d\u2019une histoire mythique : Comment fut invent\u00e9 le peuple juif, par Shlomo Sand, historien isra\u00e9lien &nbsp; &#8230; <a title=\"Palestine\" class=\"read-more\" href=\"https:\/\/www.gastonballiot.fr\/?page_id=3801\" aria-label=\"Plus sur Palestine\">Lire la suite&#8230;<\/a><\/p>\n","protected":false},"author":1,"featured_media":0,"parent":0,"menu_order":0,"comment_status":"closed","ping_status":"closed","template":"","meta":{"ngg_post_thumbnail":0,"jetpack_post_was_ever_published":false,"footnotes":""},"class_list":{"0":"post-3801","1":"page","2":"type-page","3":"status-publish","5":"infinite-scroll-item"},"yoast_head":"<!-- This site is optimized with the Yoast SEO plugin v27.5 - https:\/\/yoast.com\/product\/yoast-seo-wordpress\/ -->\n<title>Palestine - Le blog politique de Gaston<\/title>\n<meta name=\"robots\" content=\"index, follow, max-snippet:-1, max-image-preview:large, max-video-preview:-1\" \/>\n<link rel=\"canonical\" href=\"https:\/\/www.gastonballiot.fr\/?page_id=3801\" \/>\n<meta property=\"og:locale\" content=\"fr_FR\" \/>\n<meta property=\"og:type\" content=\"article\" \/>\n<meta property=\"og:title\" content=\"Palestine - Le blog politique de Gaston\" \/>\n<meta property=\"og:description\" content=\"Nelson Mandela : \u00ab\u00a0Nous savons bien que notre libert\u00e9 est incompl\u00e8te sans la libert\u00e9 des Palestiniens\u00a0\u00bb La Palestine, une histoire, un documentaire en 3 \u00e9pisodes diffus\u00e9 en avril 2026 sur France 5 Comprendre les origines du probl\u00e8me : La d\u00e9claration Balfour en 1917 Le sionisme a justifi\u00e9 l&rsquo;appropriation britannique de la Palestine il y a un si\u00e8cle, entretien avec l&rsquo;historienne Nadine Picaudou, nov 2017 D\u00e9construction d\u2019une histoire mythique : Comment fut invent\u00e9 le peuple juif, par Shlomo Sand, historien isra\u00e9lien &nbsp; ... Lire la suite...\" \/>\n<meta property=\"og:url\" content=\"https:\/\/www.gastonballiot.fr\/?page_id=3801\" \/>\n<meta property=\"og:site_name\" content=\"Le blog politique de Gaston\" \/>\n<meta property=\"article:publisher\" content=\"https:\/\/www.facebook.com\/gaston.balliot\/\" \/>\n<meta property=\"article:modified_time\" content=\"2026-04-22T12:47:31+00:00\" \/>\n<meta property=\"og:image\" content=\"http:\/\/www.gastonballiot.fr\/wp-content\/uploads\/2015\/01\/evolutionpalestine.jpg\" \/>\n<meta name=\"twitter:card\" content=\"summary_large_image\" \/>\n<meta name=\"twitter:label1\" content=\"Dur\u00e9e de lecture estim\u00e9e\" \/>\n\t<meta name=\"twitter:data1\" content=\"10 minutes\" \/>\n<script type=\"application\/ld+json\" class=\"yoast-schema-graph\">{\"@context\":\"https:\\\/\\\/schema.org\",\"@graph\":[{\"@type\":\"WebPage\",\"@id\":\"https:\\\/\\\/www.gastonballiot.fr\\\/?page_id=3801\",\"url\":\"https:\\\/\\\/www.gastonballiot.fr\\\/?page_id=3801\",\"name\":\"Palestine - Le blog politique de Gaston\",\"isPartOf\":{\"@id\":\"https:\\\/\\\/www.gastonballiot.fr\\\/#website\"},\"primaryImageOfPage\":{\"@id\":\"https:\\\/\\\/www.gastonballiot.fr\\\/?page_id=3801#primaryimage\"},\"image\":{\"@id\":\"https:\\\/\\\/www.gastonballiot.fr\\\/?page_id=3801#primaryimage\"},\"thumbnailUrl\":\"http:\\\/\\\/www.gastonballiot.fr\\\/wp-content\\\/uploads\\\/2015\\\/01\\\/evolutionpalestine.jpg\",\"datePublished\":\"2017-06-30T18:22:54+00:00\",\"dateModified\":\"2026-04-22T12:47:31+00:00\",\"breadcrumb\":{\"@id\":\"https:\\\/\\\/www.gastonballiot.fr\\\/?page_id=3801#breadcrumb\"},\"inLanguage\":\"fr-FR\",\"potentialAction\":[{\"@type\":\"ReadAction\",\"target\":[\"https:\\\/\\\/www.gastonballiot.fr\\\/?page_id=3801\"]}]},{\"@type\":\"ImageObject\",\"inLanguage\":\"fr-FR\",\"@id\":\"https:\\\/\\\/www.gastonballiot.fr\\\/?page_id=3801#primaryimage\",\"url\":\"http:\\\/\\\/www.gastonballiot.fr\\\/wp-content\\\/uploads\\\/2015\\\/01\\\/evolutionpalestine.jpg\",\"contentUrl\":\"http:\\\/\\\/www.gastonballiot.fr\\\/wp-content\\\/uploads\\\/2015\\\/01\\\/evolutionpalestine.jpg\"},{\"@type\":\"BreadcrumbList\",\"@id\":\"https:\\\/\\\/www.gastonballiot.fr\\\/?page_id=3801#breadcrumb\",\"itemListElement\":[{\"@type\":\"ListItem\",\"position\":1,\"name\":\"Accueil\",\"item\":\"https:\\\/\\\/www.gastonballiot.fr\\\/\"},{\"@type\":\"ListItem\",\"position\":2,\"name\":\"Palestine\"}]},{\"@type\":\"WebSite\",\"@id\":\"https:\\\/\\\/www.gastonballiot.fr\\\/#website\",\"url\":\"https:\\\/\\\/www.gastonballiot.fr\\\/\",\"name\":\"Le blog politique de Gaston\",\"description\":\"L&#039;humain d&#039;abord, pas la finance !\",\"publisher\":{\"@id\":\"https:\\\/\\\/www.gastonballiot.fr\\\/#\\\/schema\\\/person\\\/244a5e02696abd8a65c5b1bebdb948ca\"},\"potentialAction\":[{\"@type\":\"SearchAction\",\"target\":{\"@type\":\"EntryPoint\",\"urlTemplate\":\"https:\\\/\\\/www.gastonballiot.fr\\\/?s={search_term_string}\"},\"query-input\":{\"@type\":\"PropertyValueSpecification\",\"valueRequired\":true,\"valueName\":\"search_term_string\"}}],\"inLanguage\":\"fr-FR\"},{\"@type\":[\"Person\",\"Organization\"],\"@id\":\"https:\\\/\\\/www.gastonballiot.fr\\\/#\\\/schema\\\/person\\\/244a5e02696abd8a65c5b1bebdb948ca\",\"name\":\"gb\",\"image\":{\"@type\":\"ImageObject\",\"inLanguage\":\"fr-FR\",\"@id\":\"https:\\\/\\\/i0.wp.com\\\/www.gastonballiot.fr\\\/wp-content\\\/uploads\\\/2017\\\/04\\\/cropped-Marianne-drapeau-rouge.gif?fit=512%2C512&ssl=1\",\"url\":\"https:\\\/\\\/i0.wp.com\\\/www.gastonballiot.fr\\\/wp-content\\\/uploads\\\/2017\\\/04\\\/cropped-Marianne-drapeau-rouge.gif?fit=512%2C512&ssl=1\",\"contentUrl\":\"https:\\\/\\\/i0.wp.com\\\/www.gastonballiot.fr\\\/wp-content\\\/uploads\\\/2017\\\/04\\\/cropped-Marianne-drapeau-rouge.gif?fit=512%2C512&ssl=1\",\"width\":512,\"height\":512,\"caption\":\"gb\"},\"logo\":{\"@id\":\"https:\\\/\\\/i0.wp.com\\\/www.gastonballiot.fr\\\/wp-content\\\/uploads\\\/2017\\\/04\\\/cropped-Marianne-drapeau-rouge.gif?fit=512%2C512&ssl=1\"},\"description\":\"Gaston Balliot, militant du Front de Gauche en pays bigouden - Pont L'Abb\u00e9 - Loctudy - Guilvinec - Penmarc'h - Ile Tudy - Combrit Ste Marine - Tr\u00e9meoc - Plon\u00e9our, p\u00eache tourisme\",\"sameAs\":[\"https:\\\/\\\/www.facebook.com\\\/gaston.balliot\\\/\"]}]}<\/script>\n<!-- \/ Yoast SEO plugin. -->","yoast_head_json":{"title":"Palestine - Le blog politique de Gaston","robots":{"index":"index","follow":"follow","max-snippet":"max-snippet:-1","max-image-preview":"max-image-preview:large","max-video-preview":"max-video-preview:-1"},"canonical":"https:\/\/www.gastonballiot.fr\/?page_id=3801","og_locale":"fr_FR","og_type":"article","og_title":"Palestine - Le blog politique de Gaston","og_description":"Nelson Mandela : \u00ab\u00a0Nous savons bien que notre libert\u00e9 est incompl\u00e8te sans la libert\u00e9 des Palestiniens\u00a0\u00bb La Palestine, une histoire, un documentaire en 3 \u00e9pisodes diffus\u00e9 en avril 2026 sur France 5 Comprendre les origines du probl\u00e8me : La d\u00e9claration Balfour en 1917 Le sionisme a justifi\u00e9 l&rsquo;appropriation britannique de la Palestine il y a un si\u00e8cle, entretien avec l&rsquo;historienne Nadine Picaudou, nov 2017 D\u00e9construction d\u2019une histoire mythique : Comment fut invent\u00e9 le peuple juif, par Shlomo Sand, historien isra\u00e9lien &nbsp; ... Lire la suite...","og_url":"https:\/\/www.gastonballiot.fr\/?page_id=3801","og_site_name":"Le blog politique de Gaston","article_publisher":"https:\/\/www.facebook.com\/gaston.balliot\/","article_modified_time":"2026-04-22T12:47:31+00:00","og_image":[{"url":"http:\/\/www.gastonballiot.fr\/wp-content\/uploads\/2015\/01\/evolutionpalestine.jpg","type":"","width":"","height":""}],"twitter_card":"summary_large_image","twitter_misc":{"Dur\u00e9e de lecture estim\u00e9e":"10 minutes"},"schema":{"@context":"https:\/\/schema.org","@graph":[{"@type":"WebPage","@id":"https:\/\/www.gastonballiot.fr\/?page_id=3801","url":"https:\/\/www.gastonballiot.fr\/?page_id=3801","name":"Palestine - Le blog politique de Gaston","isPartOf":{"@id":"https:\/\/www.gastonballiot.fr\/#website"},"primaryImageOfPage":{"@id":"https:\/\/www.gastonballiot.fr\/?page_id=3801#primaryimage"},"image":{"@id":"https:\/\/www.gastonballiot.fr\/?page_id=3801#primaryimage"},"thumbnailUrl":"http:\/\/www.gastonballiot.fr\/wp-content\/uploads\/2015\/01\/evolutionpalestine.jpg","datePublished":"2017-06-30T18:22:54+00:00","dateModified":"2026-04-22T12:47:31+00:00","breadcrumb":{"@id":"https:\/\/www.gastonballiot.fr\/?page_id=3801#breadcrumb"},"inLanguage":"fr-FR","potentialAction":[{"@type":"ReadAction","target":["https:\/\/www.gastonballiot.fr\/?page_id=3801"]}]},{"@type":"ImageObject","inLanguage":"fr-FR","@id":"https:\/\/www.gastonballiot.fr\/?page_id=3801#primaryimage","url":"http:\/\/www.gastonballiot.fr\/wp-content\/uploads\/2015\/01\/evolutionpalestine.jpg","contentUrl":"http:\/\/www.gastonballiot.fr\/wp-content\/uploads\/2015\/01\/evolutionpalestine.jpg"},{"@type":"BreadcrumbList","@id":"https:\/\/www.gastonballiot.fr\/?page_id=3801#breadcrumb","itemListElement":[{"@type":"ListItem","position":1,"name":"Accueil","item":"https:\/\/www.gastonballiot.fr\/"},{"@type":"ListItem","position":2,"name":"Palestine"}]},{"@type":"WebSite","@id":"https:\/\/www.gastonballiot.fr\/#website","url":"https:\/\/www.gastonballiot.fr\/","name":"Le blog politique de Gaston","description":"L&#039;humain d&#039;abord, pas la finance !","publisher":{"@id":"https:\/\/www.gastonballiot.fr\/#\/schema\/person\/244a5e02696abd8a65c5b1bebdb948ca"},"potentialAction":[{"@type":"SearchAction","target":{"@type":"EntryPoint","urlTemplate":"https:\/\/www.gastonballiot.fr\/?s={search_term_string}"},"query-input":{"@type":"PropertyValueSpecification","valueRequired":true,"valueName":"search_term_string"}}],"inLanguage":"fr-FR"},{"@type":["Person","Organization"],"@id":"https:\/\/www.gastonballiot.fr\/#\/schema\/person\/244a5e02696abd8a65c5b1bebdb948ca","name":"gb","image":{"@type":"ImageObject","inLanguage":"fr-FR","@id":"https:\/\/i0.wp.com\/www.gastonballiot.fr\/wp-content\/uploads\/2017\/04\/cropped-Marianne-drapeau-rouge.gif?fit=512%2C512&ssl=1","url":"https:\/\/i0.wp.com\/www.gastonballiot.fr\/wp-content\/uploads\/2017\/04\/cropped-Marianne-drapeau-rouge.gif?fit=512%2C512&ssl=1","contentUrl":"https:\/\/i0.wp.com\/www.gastonballiot.fr\/wp-content\/uploads\/2017\/04\/cropped-Marianne-drapeau-rouge.gif?fit=512%2C512&ssl=1","width":512,"height":512,"caption":"gb"},"logo":{"@id":"https:\/\/i0.wp.com\/www.gastonballiot.fr\/wp-content\/uploads\/2017\/04\/cropped-Marianne-drapeau-rouge.gif?fit=512%2C512&ssl=1"},"description":"Gaston Balliot, militant du Front de Gauche en pays bigouden - Pont L'Abb\u00e9 - Loctudy - Guilvinec - Penmarc'h - Ile Tudy - Combrit Ste Marine - Tr\u00e9meoc - Plon\u00e9our, p\u00eache tourisme","sameAs":["https:\/\/www.facebook.com\/gaston.balliot\/"]}]}},"jetpack_shortlink":"https:\/\/wp.me\/P5UTaD-Zj","jetpack-related-posts":[],"jetpack_likes_enabled":true,"jetpack_sharing_enabled":true,"_links":{"self":[{"href":"https:\/\/www.gastonballiot.fr\/index.php?rest_route=\/wp\/v2\/pages\/3801","targetHints":{"allow":["GET"]}}],"collection":[{"href":"https:\/\/www.gastonballiot.fr\/index.php?rest_route=\/wp\/v2\/pages"}],"about":[{"href":"https:\/\/www.gastonballiot.fr\/index.php?rest_route=\/wp\/v2\/types\/page"}],"author":[{"embeddable":true,"href":"https:\/\/www.gastonballiot.fr\/index.php?rest_route=\/wp\/v2\/users\/1"}],"replies":[{"embeddable":true,"href":"https:\/\/www.gastonballiot.fr\/index.php?rest_route=%2Fwp%2Fv2%2Fcomments&post=3801"}],"version-history":[{"count":5,"href":"https:\/\/www.gastonballiot.fr\/index.php?rest_route=\/wp\/v2\/pages\/3801\/revisions"}],"predecessor-version":[{"id":15868,"href":"https:\/\/www.gastonballiot.fr\/index.php?rest_route=\/wp\/v2\/pages\/3801\/revisions\/15868"}],"wp:attachment":[{"href":"https:\/\/www.gastonballiot.fr\/index.php?rest_route=%2Fwp%2Fv2%2Fmedia&parent=3801"}],"curies":[{"name":"wp","href":"https:\/\/api.w.org\/{rel}","templated":true}]}}