{"id":8502,"date":"2020-05-17T11:03:38","date_gmt":"2020-05-17T09:03:38","guid":{"rendered":"https:\/\/www.gastonballiot.fr\/?page_id=8502"},"modified":"2025-11-21T11:28:35","modified_gmt":"2025-11-21T10:28:35","slug":"2-le-liberalisme-la-dette","status":"publish","type":"page","link":"https:\/\/www.gastonballiot.fr\/?page_id=8502","title":{"rendered":"3-La dette"},"content":{"rendered":"<h2 style=\"text-align: center;\"><strong>LA DETTE PUBLIQUE<\/strong><a href=\"https:\/\/i0.wp.com\/www.gastonballiot.fr\/wp-content\/uploads\/2025\/01\/DetteTitreHuma25janv25.jpg?ssl=1\"><img data-recalc-dims=\"1\" loading=\"lazy\" decoding=\"async\" data-attachment-id=\"13237\" data-permalink=\"https:\/\/www.gastonballiot.fr\/?attachment_id=13237#main\" data-orig-file=\"https:\/\/i0.wp.com\/www.gastonballiot.fr\/wp-content\/uploads\/2025\/01\/DetteTitreHuma25janv25.jpg?fit=1705%2C621&amp;ssl=1\" data-orig-size=\"1705,621\" data-comments-opened=\"0\" data-image-meta=\"{&quot;aperture&quot;:&quot;0&quot;,&quot;credit&quot;:&quot;&quot;,&quot;camera&quot;:&quot;&quot;,&quot;caption&quot;:&quot;&quot;,&quot;created_timestamp&quot;:&quot;0&quot;,&quot;copyright&quot;:&quot;&quot;,&quot;focal_length&quot;:&quot;0&quot;,&quot;iso&quot;:&quot;0&quot;,&quot;shutter_speed&quot;:&quot;0&quot;,&quot;title&quot;:&quot;&quot;,&quot;orientation&quot;:&quot;0&quot;}\" data-image-title=\"DetteTitreHuma25janv25\" data-image-description=\"\" data-image-caption=\"\" data-medium-file=\"https:\/\/i0.wp.com\/www.gastonballiot.fr\/wp-content\/uploads\/2025\/01\/DetteTitreHuma25janv25.jpg?fit=300%2C109&amp;ssl=1\" data-large-file=\"https:\/\/i0.wp.com\/www.gastonballiot.fr\/wp-content\/uploads\/2025\/01\/DetteTitreHuma25janv25.jpg?fit=1024%2C373&amp;ssl=1\" class=\"aligncenter wp-image-13237 size-large\" src=\"https:\/\/i0.wp.com\/www.gastonballiot.fr\/wp-content\/uploads\/2025\/01\/DetteTitreHuma25janv25.jpg?resize=1024%2C373&#038;ssl=1\" alt=\"\" width=\"1024\" height=\"373\" srcset=\"https:\/\/i0.wp.com\/www.gastonballiot.fr\/wp-content\/uploads\/2025\/01\/DetteTitreHuma25janv25.jpg?resize=1024%2C373&amp;ssl=1 1024w, https:\/\/i0.wp.com\/www.gastonballiot.fr\/wp-content\/uploads\/2025\/01\/DetteTitreHuma25janv25.jpg?resize=300%2C109&amp;ssl=1 300w, https:\/\/i0.wp.com\/www.gastonballiot.fr\/wp-content\/uploads\/2025\/01\/DetteTitreHuma25janv25.jpg?resize=768%2C280&amp;ssl=1 768w, https:\/\/i0.wp.com\/www.gastonballiot.fr\/wp-content\/uploads\/2025\/01\/DetteTitreHuma25janv25.jpg?resize=1536%2C559&amp;ssl=1 1536w, https:\/\/i0.wp.com\/www.gastonballiot.fr\/wp-content\/uploads\/2025\/01\/DetteTitreHuma25janv25.jpg?resize=1320%2C481&amp;ssl=1 1320w, https:\/\/i0.wp.com\/www.gastonballiot.fr\/wp-content\/uploads\/2025\/01\/DetteTitreHuma25janv25.jpg?w=1705&amp;ssl=1 1705w\" sizes=\"auto, (max-width: 1024px) 100vw, 1024px\" \/><\/a><br \/>\n<a href=\"https:\/\/www.gastonballiot.fr\/wp-content\/uploads\/2025\/01\/DetteHuma20janv25.pdf\" target=\"_blank\" rel=\"noopener\">L&rsquo;article complet en PDF<\/a><\/h2>\n<p>Et aussi :<\/p>\n<p>&nbsp;<\/p>\n<h3><a href=\"https:\/\/fdgpierrebe.over-blog.com\/2025\/11\/faut-il-avoir-peurde-la-dette-belle-soiree-d-education-populaire-des-communistes-de-pierre-benite-avec-evelyne-ternant.html\" target=\"_blank\" rel=\"noopener\">Un expos\u00e9 d&rsquo;<em><strong>Evelyne Ternant,<\/strong><\/em> \u00e9conomiste du PCF, sur la dette. Novembre 2025<\/a><\/h3>\n<h3><a href=\"https:\/\/www.gastonballiot.fr\/?p=12918\" target=\"_blank\" rel=\"noopener\">Voir aussi sur la dette mon article pr\u00e9c\u00e9dent<\/a><\/h3>\n<div class=\"divTitreArticle\">\n<h3><a class=\"titreArticle\" title=\"La dette publique: l'effet d'une politique de classe en faveur du capital (un article de Pierre Chevrot dans le journal de la CGT)\" href=\"http:\/\/www.le-chiffon-rouge-morlaix.fr\/2015\/08\/la-dette-publique-l-effet-d-une-politique-de-classe-en-faveur-du-capital-un-article-de-pierre-chevrot-dans-le-journal-de-la-cgt.html\">La dette publique : l&rsquo;effet d&rsquo;une politique de classe en faveur du capital (un article de Pierre Chevrot dans le journal de la CGT)<\/a><\/h3>\n<\/div>\n<div class=\"contenuArticle\">\n<div class=\"ob-sections\">\n<div class=\"ob-section ob-section-text\">\n<div class=\"ob-text\">\n<p>Les politiques d&rsquo;aust\u00e9rit\u00e9 en France et en Europe sont justifi\u00e9es par les dettes publiques des \u00c9tats.<\/p>\n<p><strong>Effectivement, en 2013, chaque fran\u00e7ais se retrouve avec une dette de 30 000\u20ac \u00e0 la naissance. Il est aussi possesseur d&rsquo;un patrimoine largement sup\u00e9rieur (pour l&rsquo;instant). Or, en 1973, cette dette n&rsquo;\u00e9tait que de 881\u20ac. Comment en est-on arriv\u00e9 l\u00e0?<\/strong><\/p>\n<p>En 1945, la dette repr\u00e9sentait 300% du PIB (Produit Int\u00e9rieur Brut) de la France, 40% en 1950 et 15% en 1973, pour \u00eatre de 92% du PIB en 2013.<\/p>\n<p>Il est facile de voir que de 1945 \u00e0 1973, la dette de la France a r\u00e9guli\u00e8rement baiss\u00e9 malgr\u00e9 la reconstruction du pays et les guerres d&rsquo;Indochine et d&rsquo;Alg\u00e9rie. De plus, pendant cette p\u00e9riode, la France a augment\u00e9 son patrimoine commun de fa\u00e7on importante et constitu\u00e9 des services publics efficaces. En m\u00eame temps, la part de r\u00e9mun\u00e9ration du travail a augment\u00e9 jusqu&rsquo;\u00e0 repr\u00e9senter plus de 70% du PIB.<\/p>\n<p>Depuis, nous avons assist\u00e9 \u00e0 un retournement de situation. En effet, 40 ans de cure d&rsquo;aust\u00e9rit\u00e9 ont r\u00e9tabli la r\u00e9mun\u00e9ration du capital, la part du PIB consacr\u00e9e aux salaires est repass\u00e9e \u00e0 60%, les services publics et la s\u00e9curit\u00e9 sociale sont en cours de destruction sans pour autant r\u00e9gler le probl\u00e8me du ch\u00f4mage. De plus le patrimoine national est brad\u00e9 \u00e0 vil prix, comme les r\u00e9seaux autoroutiers ou de t\u00e9l\u00e9communications etc&#8230;<\/p>\n<p>En fait, le changement est d\u00fb \u00e0 la loi du 3 janvier 1973 qui oblige l&rsquo;Etat \u00e0 se financer par emprunt aupr\u00e8s des banques priv\u00e9es au lieu de recourir \u00e0 la banque de France comme pr\u00e9c\u00e9demment. D\u00e8s 1973, la premi\u00e8re cons\u00e9quence de cette loi a \u00e9t\u00e9 la multiplication par 4 des int\u00e9r\u00eats pay\u00e9s par l&rsquo;Etat.<\/p>\n<p><strong>Sur les 1 700 000 000 \u20ac de dette en 2013, 1 300 000 000 \u20ac sont le co\u00fbt des int\u00e9r\u00eats g\u00e9n\u00e9r\u00e9s par cette loi aupr\u00e8s des banques priv\u00e9es.<\/strong><\/p>\n<p>La charge de remboursement de cette dette et de ses int\u00e9r\u00eats est le premier poste des d\u00e9penses publiques sup\u00e9rieur au budget annuel de l&rsquo;\u00e9ducation nationale. La deuxi\u00e8me cons\u00e9quence de cette loi est la soumission de l&rsquo;Etat aux grands groupes financiers internationaux.<\/p>\n<p>Par cons\u00e9quent, la justification des politiques d&rsquo;aust\u00e9rit\u00e9 qui rongent les emplois, les salaires, les retraites, et tous les services publics n&rsquo;est que la cons\u00e9quence de choix politiques faits pour r\u00e9tablir la r\u00e9mun\u00e9ration du capital avec pour cons\u00e9quence l&rsquo;abandon de l&rsquo;ind\u00e9pendance nationale et de la capacit\u00e9 d&rsquo;intervention politique.<\/p>\n<p>En 2005, lors de la campagne contre le TCE qui imposa \u00e0 l&rsquo;Europe les m\u00eames r\u00e8gles, Raoul Marc Jennar avait parl\u00e9 de \u00ab\u00a0La Trahison des \u00e9lites\u00a0\u00bb. En effet les valets de ceux qui s&rsquo;enrichissent en dormant nous proposent de travailler plus pour gagner plus alors que les progr\u00e8s techniques devraient nous permettre de travailler moins pour travailler tous et vivre mieux.<\/p>\n<p>Cette loi dite \u00ab\u00a0Pompidou Rothschild\u00a0\u00bb a \u00e9t\u00e9 \u00e9labor\u00e9e en grande partie par Val\u00e9ry Giscard d&rsquo;Estaing. Dominique Strauss-Kahn \u00e9tait le n\u00e9gociateur fran\u00e7ais pour son extension \u00e0 l&rsquo;Europe dans le trait\u00e9 de Maastricht. Cette logique a \u00e9t\u00e9 refus\u00e9e par le R\u00e9f\u00e9rendum sur la constitution europ\u00e9enne, puis valid\u00e9 par le gouvernement dans le trait\u00e9 de Lisbonne en 2008.<\/p>\n<p><strong>Pierre Chevrot (dans le journal <em>Au fil du temps <\/em>de la CGT).<\/strong><\/p>\n<hr>\n<h3 style=\"text-align: center;\"><a href=\"https:\/\/i0.wp.com\/www.gastonballiot.fr\/wp-content\/uploads\/2020\/05\/PiegeDettePublique.jpg?ssl=1\"><img data-recalc-dims=\"1\" loading=\"lazy\" decoding=\"async\" data-attachment-id=\"8602\" data-permalink=\"https:\/\/www.gastonballiot.fr\/?attachment_id=8602#main\" data-orig-file=\"https:\/\/i0.wp.com\/www.gastonballiot.fr\/wp-content\/uploads\/2020\/05\/PiegeDettePublique.jpg?fit=728%2C243&amp;ssl=1\" data-orig-size=\"728,243\" data-comments-opened=\"1\" data-image-meta=\"{&quot;aperture&quot;:&quot;0&quot;,&quot;credit&quot;:&quot;&quot;,&quot;camera&quot;:&quot;&quot;,&quot;caption&quot;:&quot;&quot;,&quot;created_timestamp&quot;:&quot;0&quot;,&quot;copyright&quot;:&quot;&quot;,&quot;focal_length&quot;:&quot;0&quot;,&quot;iso&quot;:&quot;0&quot;,&quot;shutter_speed&quot;:&quot;0&quot;,&quot;title&quot;:&quot;&quot;,&quot;orientation&quot;:&quot;0&quot;}\" data-image-title=\"PiegeDettePublique\" data-image-description=\"\" data-image-caption=\"\" data-medium-file=\"https:\/\/i0.wp.com\/www.gastonballiot.fr\/wp-content\/uploads\/2020\/05\/PiegeDettePublique.jpg?fit=300%2C100&amp;ssl=1\" data-large-file=\"https:\/\/i0.wp.com\/www.gastonballiot.fr\/wp-content\/uploads\/2020\/05\/PiegeDettePublique.jpg?fit=728%2C243&amp;ssl=1\" class=\"aligncenter size-full wp-image-8602\" src=\"https:\/\/i0.wp.com\/www.gastonballiot.fr\/wp-content\/uploads\/2020\/05\/PiegeDettePublique.jpg?resize=728%2C243&#038;ssl=1\" alt=\"\" width=\"728\" height=\"243\" srcset=\"https:\/\/i0.wp.com\/www.gastonballiot.fr\/wp-content\/uploads\/2020\/05\/PiegeDettePublique.jpg?w=728&amp;ssl=1 728w, https:\/\/i0.wp.com\/www.gastonballiot.fr\/wp-content\/uploads\/2020\/05\/PiegeDettePublique.jpg?resize=300%2C100&amp;ssl=1 300w, https:\/\/i0.wp.com\/www.gastonballiot.fr\/wp-content\/uploads\/2020\/05\/PiegeDettePublique.jpg?resize=600%2C200&amp;ssl=1 600w\" sizes=\"auto, (max-width: 728px) 100vw, 728px\" \/><\/a><a href=\"https:\/\/www.gastonballiot.fr\/wp-content\/uploads\/2020\/05\/dette_bat.pdf\" target=\"_blank\" rel=\"noopener noreferrer\">ATTAC met ce texte \u00e0 notre disposition, voir sur leur site, \u00e9galement ici, en PDF<\/a><\/h3>\n<hr>\n<\/div>\n<\/div>\n<\/div>\n<\/div>\n<h3 class=\"entry-title \"><a href=\"https:\/\/www.les-crises.fr\/la-dette-publique-en-france-breve-histoire-dun-asservissement-volontaire-par-eric-juillot\/\" target=\"_blank\" rel=\"noopener noreferrer\">La dette publique en France : br\u00e8ve histoire d\u2019un asservissement volontaire \u2013 par \u00c9ric Juillot<\/a><\/h3>\n<h3><strong><a href=\"http:\/\/www.audit-citoyen.org\/?p=6291\">Que faire de la dette ? Un audit de la dette publique de la France, Mai 2014<\/a><\/strong><\/h3>\n<p><strong>59% de la dette publique proviennent des cadeaux fiscaux et des taux d\u2019int\u00e9r\u00eat excessifs<\/strong><\/p>\n<p><strong>Quelques vid\u00e9os sur cette dette qui sert de pr\u00e9texte aux lib\u00e9raux pour justifier une aust\u00e9rit\u00e9.<\/strong><\/p>\n<p>&#8212; \u00ab\u00a0La dette c&rsquo;est chouette\u00a0\u00bb vid\u00e9o p\u00e9dagogique de 3min 30 : dette l\u00e9gitime ou pas ?<\/p>\n<p><a href=\"http:\/\/www.youtube.com\/watch?v=6AKYBAAjsrU\">http:\/\/www.youtube.com\/watch?v=6AKYBAAjsrU<\/a><\/p>\n<p>&#8212; Une vid\u00e9o sur la dette publique 13min30 :<\/p>\n<p><a href=\"http:\/\/www.youtube.com\/watch?v=fIyPMzaK_Cc&amp;feature=player_embedded\">http:\/\/www.youtube.com\/watch?v=fIyPMzaK_Cc&amp;feature=player_embedded<\/a><\/p>\n<p>&#8212; Et sur le site du CAC -Collectif pour un audit citoyen de la dette-<\/p>\n<p><a href=\"http:\/\/www.audit-citoyen.org\/?cat=50\">http:\/\/www.audit-citoyen.org\/?cat=50<\/a><\/p>\n<p><strong>Collectif pour un audit citoyen de la dette<\/strong>&nbsp;: des documents, des analyses sur le pacte budg\u00e9taire<\/p>\n<p><a href=\"http:\/\/www.audit-citoyen.org\/?cat=54\">http:\/\/www.audit-citoyen.org\/?cat=54<\/a><\/p>\n<p>Dette publique &amp; crise financi\u00e8re<\/p>\n<p><a href=\"https:\/\/docs.google.com\/file\/d\/0B859BA7TljtdVld4dlExWkkzVzQ\/edit?usp=sharing\">argumentaire en 11 fiches<\/a><\/p>\n<hr>\n<p style=\"text-align: center;\"><a href=\"https:\/\/www.gastonballiot.fr\/wp-content\/uploads\/2020\/06\/EtatsEtDetteSouveraine.pdf\" target=\"_blank\" rel=\"noopener noreferrer\">Entretien avec Jean Ziegler dans le journal L&rsquo;Humanit\u00e9 du 18 juin 2020, ci-dessous, et le texte en pdf en cliquant sur cette ligne.<\/a><\/p>\n<p><img data-recalc-dims=\"1\" loading=\"lazy\" decoding=\"async\" data-attachment-id=\"8627\" data-permalink=\"https:\/\/www.gastonballiot.fr\/?attachment_id=8627#main\" data-orig-file=\"https:\/\/i0.wp.com\/www.gastonballiot.fr\/wp-content\/uploads\/2020\/06\/EtatsEtDetteSouveraine_Ziegler_Huma18juin20.jpg?fit=1441%2C2189&amp;ssl=1\" data-orig-size=\"1441,2189\" data-comments-opened=\"1\" data-image-meta=\"{&quot;aperture&quot;:&quot;0&quot;,&quot;credit&quot;:&quot;&quot;,&quot;camera&quot;:&quot;&quot;,&quot;caption&quot;:&quot;&quot;,&quot;created_timestamp&quot;:&quot;0&quot;,&quot;copyright&quot;:&quot;&quot;,&quot;focal_length&quot;:&quot;0&quot;,&quot;iso&quot;:&quot;0&quot;,&quot;shutter_speed&quot;:&quot;0&quot;,&quot;title&quot;:&quot;&quot;,&quot;orientation&quot;:&quot;0&quot;}\" data-image-title=\"EtatsEtDetteSouveraine_Ziegler_Huma18juin20\" data-image-description=\"\" data-image-caption=\"\" data-medium-file=\"https:\/\/i0.wp.com\/www.gastonballiot.fr\/wp-content\/uploads\/2020\/06\/EtatsEtDetteSouveraine_Ziegler_Huma18juin20.jpg?fit=197%2C300&amp;ssl=1\" data-large-file=\"https:\/\/i0.wp.com\/www.gastonballiot.fr\/wp-content\/uploads\/2020\/06\/EtatsEtDetteSouveraine_Ziegler_Huma18juin20.jpg?fit=674%2C1024&amp;ssl=1\" class=\"aligncenter size-full wp-image-8627\" src=\"https:\/\/i0.wp.com\/www.gastonballiot.fr\/wp-content\/uploads\/2020\/06\/EtatsEtDetteSouveraine_Ziegler_Huma18juin20.jpg?resize=1200%2C1823&#038;ssl=1\" alt=\"\" width=\"1200\" height=\"1823\" srcset=\"https:\/\/i0.wp.com\/www.gastonballiot.fr\/wp-content\/uploads\/2020\/06\/EtatsEtDetteSouveraine_Ziegler_Huma18juin20.jpg?w=1441&amp;ssl=1 1441w, https:\/\/i0.wp.com\/www.gastonballiot.fr\/wp-content\/uploads\/2020\/06\/EtatsEtDetteSouveraine_Ziegler_Huma18juin20.jpg?resize=197%2C300&amp;ssl=1 197w, https:\/\/i0.wp.com\/www.gastonballiot.fr\/wp-content\/uploads\/2020\/06\/EtatsEtDetteSouveraine_Ziegler_Huma18juin20.jpg?resize=674%2C1024&amp;ssl=1 674w, https:\/\/i0.wp.com\/www.gastonballiot.fr\/wp-content\/uploads\/2020\/06\/EtatsEtDetteSouveraine_Ziegler_Huma18juin20.jpg?resize=768%2C1167&amp;ssl=1 768w, https:\/\/i0.wp.com\/www.gastonballiot.fr\/wp-content\/uploads\/2020\/06\/EtatsEtDetteSouveraine_Ziegler_Huma18juin20.jpg?resize=600%2C911&amp;ssl=1 600w, https:\/\/i0.wp.com\/www.gastonballiot.fr\/wp-content\/uploads\/2020\/06\/EtatsEtDetteSouveraine_Ziegler_Huma18juin20.jpg?resize=1011%2C1536&amp;ssl=1 1011w, https:\/\/i0.wp.com\/www.gastonballiot.fr\/wp-content\/uploads\/2020\/06\/EtatsEtDetteSouveraine_Ziegler_Huma18juin20.jpg?resize=1348%2C2048&amp;ssl=1 1348w\" sizes=\"auto, (max-width: 1200px) 100vw, 1200px\" \/><\/p>\n<h2 style=\"text-align: center;\">&nbsp;La dette, parlons-en&#8230;<\/h2>\n<p>La dette est utilis\u00e9e comme \u00e9pouvantail, pour faire peur et mettre en condition d&rsquo;accepter des sacrifices soi-disant indispensables. Qu&rsquo;en est-il exactement ? &nbsp; &nbsp; &nbsp; &nbsp; &nbsp;<a href=\"https:\/\/docs.google.com\/file\/d\/0B859BA7TljtdTm8xRUgzc1JHMTQ\/edit?usp=sharing\">A propos de cette dette, par G.B<\/a><\/p>\n<p>********************************************************************************************************************<\/p>\n<h3 style=\"text-align: center;\">Le film Debtocracy sur la l\u00e9gitimit\u00e9 de la dette en Gr\u00e8ce et dans le monde. Edifiant !<\/h3>\n<p>Ne pas oublier de choisir le sous-titrage en fran\u00e7ais (en haut \u00e0 droite), dur\u00e9e 1h14.<\/p>\n<p><a href=\"http:\/\/www.debtocracy.gr\/\">http:\/\/www.debtocracy.gr<\/a><br \/>\nou<br \/>\n<a href=\"http:\/\/www.dailymotion.com\/video\/xik4kh_debtocracy-international-version_shortfilms\">http:\/\/www.dailymotion.com\/video\/xik4kh_debtocracy-international-version_shortfilms<\/a><br \/>\n***********************************************************************************************************************<\/p>\n<h3 style=\"text-align: center;\"><a href=\"https:\/\/www.gastonballiot.fr\/?p=12918\" target=\"_blank\" rel=\"noopener\">Voir sur ce sujet une publication de l&rsquo;Humanit\u00e9 en Novembre 2024<\/a><\/h3>\n<p><a href=\"https:\/\/www.gastonballiot.fr\/?p=12918\"><img data-recalc-dims=\"1\" loading=\"lazy\" decoding=\"async\" data-attachment-id=\"12920\" data-permalink=\"https:\/\/www.gastonballiot.fr\/?attachment_id=12920#main\" data-orig-file=\"https:\/\/i0.wp.com\/www.gastonballiot.fr\/wp-content\/uploads\/2024\/11\/DettePublique.jpg?fit=493%2C227&amp;ssl=1\" data-orig-size=\"493,227\" data-comments-opened=\"0\" data-image-meta=\"{&quot;aperture&quot;:&quot;0&quot;,&quot;credit&quot;:&quot;&quot;,&quot;camera&quot;:&quot;&quot;,&quot;caption&quot;:&quot;&quot;,&quot;created_timestamp&quot;:&quot;0&quot;,&quot;copyright&quot;:&quot;&quot;,&quot;focal_length&quot;:&quot;0&quot;,&quot;iso&quot;:&quot;0&quot;,&quot;shutter_speed&quot;:&quot;0&quot;,&quot;title&quot;:&quot;&quot;,&quot;orientation&quot;:&quot;0&quot;}\" data-image-title=\"DettePublique\" data-image-description=\"\" data-image-caption=\"\" data-medium-file=\"https:\/\/i0.wp.com\/www.gastonballiot.fr\/wp-content\/uploads\/2024\/11\/DettePublique.jpg?fit=300%2C138&amp;ssl=1\" data-large-file=\"https:\/\/i0.wp.com\/www.gastonballiot.fr\/wp-content\/uploads\/2024\/11\/DettePublique.jpg?fit=493%2C227&amp;ssl=1\" class=\"aligncenter wp-image-12920 size-full\" src=\"https:\/\/i0.wp.com\/www.gastonballiot.fr\/wp-content\/uploads\/2024\/11\/DettePublique.jpg?resize=493%2C227&#038;ssl=1\" alt=\"\" width=\"493\" height=\"227\" srcset=\"https:\/\/i0.wp.com\/www.gastonballiot.fr\/wp-content\/uploads\/2024\/11\/DettePublique.jpg?w=493&amp;ssl=1 493w, https:\/\/i0.wp.com\/www.gastonballiot.fr\/wp-content\/uploads\/2024\/11\/DettePublique.jpg?resize=300%2C138&amp;ssl=1 300w\" sizes=\"auto, (max-width: 493px) 100vw, 493px\" \/><\/a><\/p>\n","protected":false},"excerpt":{"rendered":"<p>LA DETTE PUBLIQUE L&rsquo;article complet en PDF Et aussi : &nbsp; Un expos\u00e9 d&rsquo;Evelyne Ternant, \u00e9conomiste du PCF, sur la dette. Novembre 2025 Voir aussi sur la dette mon article pr\u00e9c\u00e9dent La dette publique : l&rsquo;effet d&rsquo;une politique de classe en faveur du capital (un article de Pierre Chevrot dans le journal de la CGT) Les politiques d&rsquo;aust\u00e9rit\u00e9 en France et en Europe sont justifi\u00e9es par les dettes publiques des \u00c9tats. Effectivement, en 2013, chaque fran\u00e7ais se retrouve avec une dette &#8230; <a title=\"3-La dette\" class=\"read-more\" href=\"https:\/\/www.gastonballiot.fr\/?page_id=8502\" aria-label=\"Plus sur 3-La dette\">Lire la suite&#8230;<\/a><\/p>\n","protected":false},"author":1,"featured_media":0,"parent":160,"menu_order":0,"comment_status":"closed","ping_status":"closed","template":"","meta":{"ngg_post_thumbnail":0,"jetpack_post_was_ever_published":false,"footnotes":""},"class_list":{"0":"post-8502","1":"page","2":"type-page","3":"status-publish","5":"infinite-scroll-item"},"yoast_head":"<!-- This site is optimized with the Yoast SEO plugin v27.5 - https:\/\/yoast.com\/product\/yoast-seo-wordpress\/ -->\n<title>3-La dette - Le blog politique de Gaston<\/title>\n<meta name=\"robots\" content=\"index, follow, max-snippet:-1, max-image-preview:large, max-video-preview:-1\" \/>\n<link rel=\"canonical\" href=\"https:\/\/www.gastonballiot.fr\/?page_id=8502\" \/>\n<meta property=\"og:locale\" content=\"fr_FR\" \/>\n<meta property=\"og:type\" content=\"article\" \/>\n<meta property=\"og:title\" content=\"3-La dette - Le blog politique de Gaston\" \/>\n<meta property=\"og:description\" content=\"LA DETTE PUBLIQUE L&rsquo;article complet en PDF Et aussi : &nbsp; Un expos\u00e9 d&rsquo;Evelyne Ternant, \u00e9conomiste du PCF, sur la dette. Novembre 2025 Voir aussi sur la dette mon article pr\u00e9c\u00e9dent La dette publique : l&rsquo;effet d&rsquo;une politique de classe en faveur du capital (un article de Pierre Chevrot dans le journal de la CGT) Les politiques d&rsquo;aust\u00e9rit\u00e9 en France et en Europe sont justifi\u00e9es par les dettes publiques des \u00c9tats. Effectivement, en 2013, chaque fran\u00e7ais se retrouve avec une dette ... Lire la suite...\" \/>\n<meta property=\"og:url\" content=\"https:\/\/www.gastonballiot.fr\/?page_id=8502\" \/>\n<meta property=\"og:site_name\" content=\"Le blog politique de Gaston\" \/>\n<meta property=\"article:publisher\" content=\"https:\/\/www.facebook.com\/gaston.balliot\/\" \/>\n<meta property=\"article:modified_time\" content=\"2025-11-21T10:28:35+00:00\" \/>\n<meta property=\"og:image\" content=\"https:\/\/www.gastonballiot.fr\/wp-content\/uploads\/2025\/01\/DetteTitreHuma25janv25-1024x373.jpg\" \/>\n<meta name=\"twitter:card\" content=\"summary_large_image\" \/>\n<meta name=\"twitter:label1\" content=\"Dur\u00e9e de lecture estim\u00e9e\" \/>\n\t<meta name=\"twitter:data1\" content=\"5 minutes\" \/>\n<script type=\"application\/ld+json\" class=\"yoast-schema-graph\">{\"@context\":\"https:\\\/\\\/schema.org\",\"@graph\":[{\"@type\":\"WebPage\",\"@id\":\"https:\\\/\\\/www.gastonballiot.fr\\\/?page_id=8502\",\"url\":\"https:\\\/\\\/www.gastonballiot.fr\\\/?page_id=8502\",\"name\":\"3-La dette - Le blog politique de Gaston\",\"isPartOf\":{\"@id\":\"https:\\\/\\\/www.gastonballiot.fr\\\/#website\"},\"primaryImageOfPage\":{\"@id\":\"https:\\\/\\\/www.gastonballiot.fr\\\/?page_id=8502#primaryimage\"},\"image\":{\"@id\":\"https:\\\/\\\/www.gastonballiot.fr\\\/?page_id=8502#primaryimage\"},\"thumbnailUrl\":\"https:\\\/\\\/www.gastonballiot.fr\\\/wp-content\\\/uploads\\\/2025\\\/01\\\/DetteTitreHuma25janv25-1024x373.jpg\",\"datePublished\":\"2020-05-17T09:03:38+00:00\",\"dateModified\":\"2025-11-21T10:28:35+00:00\",\"breadcrumb\":{\"@id\":\"https:\\\/\\\/www.gastonballiot.fr\\\/?page_id=8502#breadcrumb\"},\"inLanguage\":\"fr-FR\",\"potentialAction\":[{\"@type\":\"ReadAction\",\"target\":[\"https:\\\/\\\/www.gastonballiot.fr\\\/?page_id=8502\"]}]},{\"@type\":\"ImageObject\",\"inLanguage\":\"fr-FR\",\"@id\":\"https:\\\/\\\/www.gastonballiot.fr\\\/?page_id=8502#primaryimage\",\"url\":\"https:\\\/\\\/i0.wp.com\\\/www.gastonballiot.fr\\\/wp-content\\\/uploads\\\/2025\\\/01\\\/DetteTitreHuma25janv25.jpg?fit=1705%2C621&ssl=1\",\"contentUrl\":\"https:\\\/\\\/i0.wp.com\\\/www.gastonballiot.fr\\\/wp-content\\\/uploads\\\/2025\\\/01\\\/DetteTitreHuma25janv25.jpg?fit=1705%2C621&ssl=1\",\"width\":1705,\"height\":621},{\"@type\":\"BreadcrumbList\",\"@id\":\"https:\\\/\\\/www.gastonballiot.fr\\\/?page_id=8502#breadcrumb\",\"itemListElement\":[{\"@type\":\"ListItem\",\"position\":1,\"name\":\"Accueil\",\"item\":\"https:\\\/\\\/www.gastonballiot.fr\\\/\"},{\"@type\":\"ListItem\",\"position\":2,\"name\":\"Economie\",\"item\":\"https:\\\/\\\/www.gastonballiot.fr\\\/?page_id=160\"},{\"@type\":\"ListItem\",\"position\":3,\"name\":\"3-La dette\"}]},{\"@type\":\"WebSite\",\"@id\":\"https:\\\/\\\/www.gastonballiot.fr\\\/#website\",\"url\":\"https:\\\/\\\/www.gastonballiot.fr\\\/\",\"name\":\"Le blog politique de Gaston\",\"description\":\"L&#039;humain d&#039;abord, pas la finance !\",\"publisher\":{\"@id\":\"https:\\\/\\\/www.gastonballiot.fr\\\/#\\\/schema\\\/person\\\/244a5e02696abd8a65c5b1bebdb948ca\"},\"potentialAction\":[{\"@type\":\"SearchAction\",\"target\":{\"@type\":\"EntryPoint\",\"urlTemplate\":\"https:\\\/\\\/www.gastonballiot.fr\\\/?s={search_term_string}\"},\"query-input\":{\"@type\":\"PropertyValueSpecification\",\"valueRequired\":true,\"valueName\":\"search_term_string\"}}],\"inLanguage\":\"fr-FR\"},{\"@type\":[\"Person\",\"Organization\"],\"@id\":\"https:\\\/\\\/www.gastonballiot.fr\\\/#\\\/schema\\\/person\\\/244a5e02696abd8a65c5b1bebdb948ca\",\"name\":\"gb\",\"image\":{\"@type\":\"ImageObject\",\"inLanguage\":\"fr-FR\",\"@id\":\"https:\\\/\\\/i0.wp.com\\\/www.gastonballiot.fr\\\/wp-content\\\/uploads\\\/2017\\\/04\\\/cropped-Marianne-drapeau-rouge.gif?fit=512%2C512&ssl=1\",\"url\":\"https:\\\/\\\/i0.wp.com\\\/www.gastonballiot.fr\\\/wp-content\\\/uploads\\\/2017\\\/04\\\/cropped-Marianne-drapeau-rouge.gif?fit=512%2C512&ssl=1\",\"contentUrl\":\"https:\\\/\\\/i0.wp.com\\\/www.gastonballiot.fr\\\/wp-content\\\/uploads\\\/2017\\\/04\\\/cropped-Marianne-drapeau-rouge.gif?fit=512%2C512&ssl=1\",\"width\":512,\"height\":512,\"caption\":\"gb\"},\"logo\":{\"@id\":\"https:\\\/\\\/i0.wp.com\\\/www.gastonballiot.fr\\\/wp-content\\\/uploads\\\/2017\\\/04\\\/cropped-Marianne-drapeau-rouge.gif?fit=512%2C512&ssl=1\"},\"description\":\"Gaston Balliot, militant du Front de Gauche en pays bigouden - Pont L'Abb\u00e9 - Loctudy - Guilvinec - Penmarc'h - Ile Tudy - Combrit Ste Marine - Tr\u00e9meoc - Plon\u00e9our, p\u00eache tourisme\",\"sameAs\":[\"https:\\\/\\\/www.facebook.com\\\/gaston.balliot\\\/\"]}]}<\/script>\n<!-- \/ Yoast SEO plugin. -->","yoast_head_json":{"title":"3-La dette - Le blog politique de Gaston","robots":{"index":"index","follow":"follow","max-snippet":"max-snippet:-1","max-image-preview":"max-image-preview:large","max-video-preview":"max-video-preview:-1"},"canonical":"https:\/\/www.gastonballiot.fr\/?page_id=8502","og_locale":"fr_FR","og_type":"article","og_title":"3-La dette - Le blog politique de Gaston","og_description":"LA DETTE PUBLIQUE L&rsquo;article complet en PDF Et aussi : &nbsp; Un expos\u00e9 d&rsquo;Evelyne Ternant, \u00e9conomiste du PCF, sur la dette. Novembre 2025 Voir aussi sur la dette mon article pr\u00e9c\u00e9dent La dette publique : l&rsquo;effet d&rsquo;une politique de classe en faveur du capital (un article de Pierre Chevrot dans le journal de la CGT) Les politiques d&rsquo;aust\u00e9rit\u00e9 en France et en Europe sont justifi\u00e9es par les dettes publiques des \u00c9tats. Effectivement, en 2013, chaque fran\u00e7ais se retrouve avec une dette ... Lire la suite...","og_url":"https:\/\/www.gastonballiot.fr\/?page_id=8502","og_site_name":"Le blog politique de Gaston","article_publisher":"https:\/\/www.facebook.com\/gaston.balliot\/","article_modified_time":"2025-11-21T10:28:35+00:00","og_image":[{"url":"https:\/\/www.gastonballiot.fr\/wp-content\/uploads\/2025\/01\/DetteTitreHuma25janv25-1024x373.jpg","type":"","width":"","height":""}],"twitter_card":"summary_large_image","twitter_misc":{"Dur\u00e9e de lecture estim\u00e9e":"5 minutes"},"schema":{"@context":"https:\/\/schema.org","@graph":[{"@type":"WebPage","@id":"https:\/\/www.gastonballiot.fr\/?page_id=8502","url":"https:\/\/www.gastonballiot.fr\/?page_id=8502","name":"3-La dette - Le blog politique de Gaston","isPartOf":{"@id":"https:\/\/www.gastonballiot.fr\/#website"},"primaryImageOfPage":{"@id":"https:\/\/www.gastonballiot.fr\/?page_id=8502#primaryimage"},"image":{"@id":"https:\/\/www.gastonballiot.fr\/?page_id=8502#primaryimage"},"thumbnailUrl":"https:\/\/www.gastonballiot.fr\/wp-content\/uploads\/2025\/01\/DetteTitreHuma25janv25-1024x373.jpg","datePublished":"2020-05-17T09:03:38+00:00","dateModified":"2025-11-21T10:28:35+00:00","breadcrumb":{"@id":"https:\/\/www.gastonballiot.fr\/?page_id=8502#breadcrumb"},"inLanguage":"fr-FR","potentialAction":[{"@type":"ReadAction","target":["https:\/\/www.gastonballiot.fr\/?page_id=8502"]}]},{"@type":"ImageObject","inLanguage":"fr-FR","@id":"https:\/\/www.gastonballiot.fr\/?page_id=8502#primaryimage","url":"https:\/\/i0.wp.com\/www.gastonballiot.fr\/wp-content\/uploads\/2025\/01\/DetteTitreHuma25janv25.jpg?fit=1705%2C621&ssl=1","contentUrl":"https:\/\/i0.wp.com\/www.gastonballiot.fr\/wp-content\/uploads\/2025\/01\/DetteTitreHuma25janv25.jpg?fit=1705%2C621&ssl=1","width":1705,"height":621},{"@type":"BreadcrumbList","@id":"https:\/\/www.gastonballiot.fr\/?page_id=8502#breadcrumb","itemListElement":[{"@type":"ListItem","position":1,"name":"Accueil","item":"https:\/\/www.gastonballiot.fr\/"},{"@type":"ListItem","position":2,"name":"Economie","item":"https:\/\/www.gastonballiot.fr\/?page_id=160"},{"@type":"ListItem","position":3,"name":"3-La dette"}]},{"@type":"WebSite","@id":"https:\/\/www.gastonballiot.fr\/#website","url":"https:\/\/www.gastonballiot.fr\/","name":"Le blog politique de Gaston","description":"L&#039;humain d&#039;abord, pas la finance !","publisher":{"@id":"https:\/\/www.gastonballiot.fr\/#\/schema\/person\/244a5e02696abd8a65c5b1bebdb948ca"},"potentialAction":[{"@type":"SearchAction","target":{"@type":"EntryPoint","urlTemplate":"https:\/\/www.gastonballiot.fr\/?s={search_term_string}"},"query-input":{"@type":"PropertyValueSpecification","valueRequired":true,"valueName":"search_term_string"}}],"inLanguage":"fr-FR"},{"@type":["Person","Organization"],"@id":"https:\/\/www.gastonballiot.fr\/#\/schema\/person\/244a5e02696abd8a65c5b1bebdb948ca","name":"gb","image":{"@type":"ImageObject","inLanguage":"fr-FR","@id":"https:\/\/i0.wp.com\/www.gastonballiot.fr\/wp-content\/uploads\/2017\/04\/cropped-Marianne-drapeau-rouge.gif?fit=512%2C512&ssl=1","url":"https:\/\/i0.wp.com\/www.gastonballiot.fr\/wp-content\/uploads\/2017\/04\/cropped-Marianne-drapeau-rouge.gif?fit=512%2C512&ssl=1","contentUrl":"https:\/\/i0.wp.com\/www.gastonballiot.fr\/wp-content\/uploads\/2017\/04\/cropped-Marianne-drapeau-rouge.gif?fit=512%2C512&ssl=1","width":512,"height":512,"caption":"gb"},"logo":{"@id":"https:\/\/i0.wp.com\/www.gastonballiot.fr\/wp-content\/uploads\/2017\/04\/cropped-Marianne-drapeau-rouge.gif?fit=512%2C512&ssl=1"},"description":"Gaston Balliot, militant du Front de Gauche en pays bigouden - Pont L'Abb\u00e9 - Loctudy - Guilvinec - Penmarc'h - Ile Tudy - Combrit Ste Marine - Tr\u00e9meoc - Plon\u00e9our, p\u00eache tourisme","sameAs":["https:\/\/www.facebook.com\/gaston.balliot\/"]}]}},"jetpack_shortlink":"https:\/\/wp.me\/P5UTaD-2d8","jetpack-related-posts":[],"jetpack_likes_enabled":true,"jetpack_sharing_enabled":true,"_links":{"self":[{"href":"https:\/\/www.gastonballiot.fr\/index.php?rest_route=\/wp\/v2\/pages\/8502","targetHints":{"allow":["GET"]}}],"collection":[{"href":"https:\/\/www.gastonballiot.fr\/index.php?rest_route=\/wp\/v2\/pages"}],"about":[{"href":"https:\/\/www.gastonballiot.fr\/index.php?rest_route=\/wp\/v2\/types\/page"}],"author":[{"embeddable":true,"href":"https:\/\/www.gastonballiot.fr\/index.php?rest_route=\/wp\/v2\/users\/1"}],"replies":[{"embeddable":true,"href":"https:\/\/www.gastonballiot.fr\/index.php?rest_route=%2Fwp%2Fv2%2Fcomments&post=8502"}],"version-history":[{"count":5,"href":"https:\/\/www.gastonballiot.fr\/index.php?rest_route=\/wp\/v2\/pages\/8502\/revisions"}],"predecessor-version":[{"id":15174,"href":"https:\/\/www.gastonballiot.fr\/index.php?rest_route=\/wp\/v2\/pages\/8502\/revisions\/15174"}],"up":[{"embeddable":true,"href":"https:\/\/www.gastonballiot.fr\/index.php?rest_route=\/wp\/v2\/pages\/160"}],"wp:attachment":[{"href":"https:\/\/www.gastonballiot.fr\/index.php?rest_route=%2Fwp%2Fv2%2Fmedia&parent=8502"}],"curies":[{"name":"wp","href":"https:\/\/api.w.org\/{rel}","templated":true}]}}