{"id":8509,"date":"2020-05-17T11:09:20","date_gmt":"2020-05-17T09:09:20","guid":{"rendered":"https:\/\/www.gastonballiot.fr\/?page_id=8509"},"modified":"2022-10-05T11:04:07","modified_gmt":"2022-10-05T09:04:07","slug":"6-alternatives-pour-un-communisme-du-xxie-siecle","status":"publish","type":"page","link":"https:\/\/www.gastonballiot.fr\/?page_id=8509","title":{"rendered":"7-Alternatives-Notion de commun-Pour un communisme du XXIe si\u00e8cle"},"content":{"rendered":"<h3><a href=\"https:\/\/i0.wp.com\/www.gastonballiot.fr\/wp-content\/uploads\/2020\/05\/PenserUnMondeNouveau.jpg?ssl=1\"><img data-recalc-dims=\"1\" loading=\"lazy\" decoding=\"async\" data-attachment-id=\"8599\" data-permalink=\"https:\/\/www.gastonballiot.fr\/?attachment_id=8599#main\" data-orig-file=\"https:\/\/i0.wp.com\/www.gastonballiot.fr\/wp-content\/uploads\/2020\/05\/PenserUnMondeNouveau.jpg?fit=454%2C445&amp;ssl=1\" data-orig-size=\"454,445\" data-comments-opened=\"1\" data-image-meta=\"{&quot;aperture&quot;:&quot;0&quot;,&quot;credit&quot;:&quot;&quot;,&quot;camera&quot;:&quot;&quot;,&quot;caption&quot;:&quot;&quot;,&quot;created_timestamp&quot;:&quot;0&quot;,&quot;copyright&quot;:&quot;&quot;,&quot;focal_length&quot;:&quot;0&quot;,&quot;iso&quot;:&quot;0&quot;,&quot;shutter_speed&quot;:&quot;0&quot;,&quot;title&quot;:&quot;&quot;,&quot;orientation&quot;:&quot;0&quot;}\" data-image-title=\"PenserUnMondeNouveau\" data-image-description=\"\" data-image-caption=\"\" data-medium-file=\"https:\/\/i0.wp.com\/www.gastonballiot.fr\/wp-content\/uploads\/2020\/05\/PenserUnMondeNouveau.jpg?fit=300%2C294&amp;ssl=1\" data-large-file=\"https:\/\/i0.wp.com\/www.gastonballiot.fr\/wp-content\/uploads\/2020\/05\/PenserUnMondeNouveau.jpg?fit=454%2C445&amp;ssl=1\" class=\"aligncenter size-full wp-image-8599\" src=\"https:\/\/i0.wp.com\/www.gastonballiot.fr\/wp-content\/uploads\/2020\/05\/PenserUnMondeNouveau.jpg?resize=454%2C445&#038;ssl=1\" alt=\"\" width=\"454\" height=\"445\" srcset=\"https:\/\/i0.wp.com\/www.gastonballiot.fr\/wp-content\/uploads\/2020\/05\/PenserUnMondeNouveau.jpg?w=454&amp;ssl=1 454w, https:\/\/i0.wp.com\/www.gastonballiot.fr\/wp-content\/uploads\/2020\/05\/PenserUnMondeNouveau.jpg?resize=300%2C294&amp;ssl=1 300w\" sizes=\"auto, (max-width: 454px) 100vw, 454px\" \/><\/a><\/h3>\n<p>&nbsp;<\/p>\n<h2 style=\"text-align: center;\"><a href=\"https:\/\/wp.me\/p5UTaD-2Fn\" target=\"_blank\" rel=\"noopener\">Sortir du capitalisme et urgence du communisme par Bernard Vasseur, philosophe (2022)<\/a><\/h2>\n<hr>\n<h3 class=\"title style-scope ytd-video-primary-info-renderer\" style=\"text-align: center;\">Denis Durand, \u00e9conomiste, avril 2020, \u00e0 propos de la crise que nous vivons :&nbsp;<\/h3>\n<h5 class=\"title style-scope ytd-video-primary-info-renderer\" style=\"text-align: center;\"><span class=\"style-scope yt-formatted-string\" dir=\"auto\">\u00ab\u00a0La crise la plus violente de l&rsquo;histoire du capitalisme en temps de paix\u00a0\u00bb pourrait provoquer la suppression de plus de 150 millions d&#8217;emplois selon l&rsquo;OIT.<br \/>\n<strong>Denis Durand<\/strong> en fait l&rsquo;\u00e9tat des lieux, d\u00e9ment les id\u00e9es re\u00e7ues et propose des moyens de la r\u00e9soudre.<\/span><\/h5>\n<p>L&rsquo;\u00e9conomiste <strong>Denis Durand<\/strong> est ancien directeur adjoint de la Banque de France, codirecteur de la revue \u00ab\u00a0<strong>\u00c9conomie et Politique<\/strong>\u00a0\u00bb<\/p>\n<p>Les trois id\u00e9es re\u00e7ues qu&rsquo;il r\u00e9fute et pour lesquelles il avance des propositions :<\/p>\n<ol>\n<li>Le virus serait la cause de la crise \u00e9conomique.<\/li>\n<li>Demain, le jour d&rsquo;apr\u00e8s, rien ne sera plus comme avant.<\/li>\n<li>Les banques centrales vont nous sauver.<\/li>\n<\/ol>\n<p><iframe loading=\"lazy\" src=\"https:\/\/www.youtube.com\/embed\/PpAwfGBkvxA\" width=\"1280\" height=\"728\" frameborder=\"0\" allowfullscreen=\"allowfullscreen\"><\/iframe><\/p>\n<p>&nbsp;<\/p>\n<h5 style=\"text-align: center;\"><a href=\"https:\/\/www.economie-et-politique.org\/\" target=\"_blank\" rel=\"noopener noreferrer\">La revue \u00c9conomie et Politique est \u00e0 votre disposition sur le site https:\/\/www.economie-et-politique.org\/<\/a><\/h5>\n<hr>\n<h3 style=\"text-align: center;\">Lucien S\u00e8ve, philosophe, mars 2020<\/h3>\n<p><b>Sauver le genre humain, pas seulement la plan\u00e8te !<\/b><\/p>\n<p>par le philosophe marxiste Lucien S\u00e8ve, qui vient de d\u00e9c\u00e9der du coronavirus<\/p>\n<p>Le lien vers l&rsquo;article du Monde Diplomatique :<\/p>\n<p><strong><a class=\"moz-txt-link-freetext\" href=\"https:\/\/www.monde-diplomatique.fr\/2011\/11\/SEVE\/46912\" target=\"_blank\" rel=\"noopener noreferrer\">https:\/\/www.monde-diplomatique.fr\/2011\/11\/SEVE\/46912<\/a><\/strong><\/p>\n<hr>\n<p>Et si vous avez envie d&rsquo;en savoir davantage sur Lucien S\u00e8ve, des articles dans le journal l&rsquo;Humanit\u00e9 du 24 mars<\/p>\n<p><a href=\"https:\/\/www.humanite.fr\/search\/Lucien%20S%C3%A8ve\" target=\"_blank\" rel=\"noopener noreferrer\">https:\/\/www.humanite.fr\/search\/Lucien%20S%C3%A8ve<\/a><\/p>\n<p><a href=\"https:\/\/www.humanite.fr\/disparition-lucien-seve-marx-et-les-communistes-686800\" target=\"_blank\" rel=\"noopener noreferrer\">https:\/\/www.humanite.fr\/disparition-lucien-seve-marx-et-les-communistes-686800<\/a><\/p>\n<p><strong><a href=\"https:\/\/www.frontdegauchebigcap.org\/wp-content\/uploads\/2020\/03\/LucienSeve_Huma24mars2020.pdf\" target=\"_blank\" rel=\"noopener noreferrer\">Ceci t\u00e9l\u00e9chargeable en PDF<\/a><\/strong><\/p>\n<p>e<a href=\"http:\/\/www.regards.fr\/idees-culture\/article\/lucien-seve-nous-vivons-l-entree-historique-du-capitalisme-en-phase-terminale\" target=\"_blank\" rel=\"noopener noreferrer\">t dans Regards, article de 2018<\/a><\/p>\n<p>Vid\u00e9o Lucien S\u00e8ve : \u00ab\u00a0tout va tr\u00e8s mal, soyez optimiste\u00a0\u00bb<\/p>\n<p>&nbsp;<iframe loading=\"lazy\" src=\"https:\/\/www.youtube.com\/embed\/jW8Hk6he3nk\" width=\"1280\" height=\"720\" frameborder=\"0\" allowfullscreen=\"allowfullscreen\" data-mce-fragment=\"1\"><\/iframe><\/p>\n<h3 style=\"text-align: center;\"><a href=\"https:\/\/www.gastonballiot.fr\/denis-durand-economiste-%e2%80%89il-est-temps-de-porter-une-alternative-en-commun%e2%80%89\/\" target=\"_blank\" rel=\"noopener noreferrer\">Denis Durand, \u00e9conomiste : \u00ab\u2009Il est temps de porter une alternative en commun\u2009\u00bb<\/a><\/h3>\n<hr>\n<h3 style=\"text-align: center;\">La notion de <span style=\"font-size: 18pt;\">bien public<\/span> est importante et devrait pouvoir rassembler largement dans la population.<br \/>\nL&rsquo;eau, l&rsquo;\u00e9nergie, les services publics, ne devraient en aucun cas permettre de faire du profit et sont \u00e0 sortir du secteur marchand.<\/h3>\n<h3 style=\"text-align: center;\"><a href=\"https:\/\/www.gastonballiot.fr\/le-commun-une-approche-politique-prometteuse\/\" target=\"_blank\" rel=\"noopener noreferrer\">Le commun : une approche politique prometteuse ?<\/a><\/h3>\n<h3 style=\"text-align: center;\"><a href=\"https:\/\/www.gastonballiot.fr\/energie-bien-public-ou-source-de-profit\/\" target=\"_blank\" rel=\"noopener noreferrer\">Un article en lien : \u00c9nergie : bien public ou source de profit ?<\/a><\/h3>\n<hr>\n<h3 style=\"text-align: center;\">&nbsp;<\/h3>\n<h3 style=\"text-align: center;\">Et si vous \u00e9tiez communiste ? Peut-\u00eatre m\u00eame sans le savoir..<br \/>\n<iframe loading=\"lazy\" src=\"https:\/\/www.youtube.com\/embed\/_CjabcYJvu8\" width=\"854\" height=\"480\" frameborder=\"0\" allowfullscreen=\"allowfullscreen\"><\/iframe><\/h3>\n<h3 style=\"text-align: center;\"><a href=\"https:\/\/www.gastonballiot.fr\/socialisme-communisme-reflexions\/\" target=\"_blank\" rel=\"noopener noreferrer\">Socialisme, communisme&#8230; r\u00e9flexions<\/a><\/h3>\n<hr>\n<h2 style=\"text-align: center;\">Impasses du capitalisme, une grande banque donne raison \u00e0 Marx !<\/h2>\n<p>UNE NOTE DE NATIXIS EXPLIQUE LA SP\u00c9CULATION, LES IN\u00c9GALIT\u00c9S DE REVENUS, LES CRISES FINANCI\u00c8RES \u00c0 VENIR&#8230;<\/p>\n<p><em>(ne pas manquer en fin d&rsquo;article la vid\u00e9o d&rsquo;un quart d&rsquo;heure, petit cours d&rsquo;\u00e9conomie politique intitul\u00e9e Marx revient, par Maurice Ulrich)<\/em><\/p>\n<h5 class=\"heading\">Si les capitalistes utilisent la sp\u00e9culation et r\u00e9duisent les salaires, c&rsquo;est, explique l&rsquo;\u00e9conomiste de la banque Natixis Patrick Artus, pour contrer la baisse tendancielle du taux de profit d\u00e9crite par Marx. Au risque de d\u00e9stabiliser l&rsquo;\u00e9conomie tout enti\u00e8re et de la faire basculer dans la crise.<\/h5>\n<p class=\"drop-cap\">Personne ne s\u2019attendait \u00e0 ce que l\u2019offensive vienne de ce c\u00f4t\u00e9-l\u00e0 de la barricade. Encore moins du c\u0153ur m\u00eame du capital financier. <em><strong>\u00ab La dynamique du capitalisme est aujourd\u2019hui bien celle qu\u2019avait pr\u00e9vue Marx \u00bb<\/strong><\/em>, donne pour titre \u00e0 sa derni\u00e8re note pour la banque Natixis l\u2019\u00e9conomiste <strong>Patrick Artus<\/strong>. Graphiques \u00e0 l\u2019appui, celui-ci entend d\u00e9montrer la r\u00e9alit\u00e9 d\u00e9crite par Marx de l\u2019une des contradictions fondamentales du capitalisme et aussi l\u2019un de ses moteurs, connue sous le nom de \u00ab <em>baisse tendancielle du taux de profit<\/em> \u00bb. Une des \u00ab <em>lois<\/em> \u00bb du capitalisme dont l\u2019existence est la plus contest\u00e9e par les adversaires du marxisme, sans doute parce qu\u2019elle explique pourquoi le capitalisme porte en lui sa propre crise. Si \u00ab les \u201c<em>capitalistes<\/em>\u201d utilisent les activit\u00e9s sp\u00e9culatives \u00bb et r\u00e9duisent les salaires jusqu\u2019\u00e0 la limite du possible, c\u2019est, explique Patrick Artus, pour contrer \u00ab la baisse de la productivit\u00e9 du capital \u00bb qui menace leurs profits. Au risque de d\u00e9stabiliser l\u2019\u00e9conomie tout enti\u00e8re et de la faire basculer dans la crise.<!--more--><\/p>\n<aside><\/aside>\n<aside>&nbsp;<\/aside>\n<p>Ce n&rsquo;est pas la premi\u00e8re fois que l&rsquo;\u00e9conomiste de la banque Natixis revendique la reprise des analyses de Marx, en estimant que les \u00e9v\u00e9nements leur donnent raison. En 2010, Patrick Artus proposait une \u00ab lecture marxiste (mais conforme aux faits) \u00bb (sic) de la crise \u00e9conomique et financi\u00e8re : \u00ab Suraccumulation du capital (&#8230;) d&rsquo;o\u00f9 baisse tendancielle du taux de profit ; r\u00e9action des entreprises (&#8230;) par la compression des salaires, (&#8230;) d&rsquo;o\u00f9 sous-consommation\u00bb, laquelle alimente \u00e0 son tour la suraccumulation du capital. La boucle infernale \u00e9tait boucl\u00e9e. Deux ans plus tard, l&rsquo;analyste enfon\u00e7ait le clou dans une autre note en \u00e9voquant une \u00ab crise de type marxiste \u00bb. Marx explique en effet dans le Livre III du Capital, publi\u00e9 apr\u00e8s sa mort par son ami Friedrich Engels en 1894 gr\u00e2ce aux brouillons qu&rsquo;il lui a laiss\u00e9s, qu&rsquo;il \u00ab est de l&rsquo;essence de la production capitaliste d&rsquo;entra\u00eener par son d\u00e9veloppement progressif une transformation du taux de la plus-value en des taux de profit de plus en plus petits \u00bb. Comme \u00ab l&rsquo;importance du travail vivant (c&rsquo;est-\u00e0-dire le travail humain, ou \u00ab\u00a0capital variable\u00a0\u00bb, qui est la seule source de plus-value \u00ad NDLR) diminue continuellement par rapport au travail mat\u00e9rialis\u00e9 (le \u00ab\u00a0capital constant\u00a0\u00bb, c&rsquo;est\u00e0-dire les outils, machines etc. \u00ad NDLR) \u00bb, il en ressort que le taux de profit, qui mesure \u00ab le rapport entre la plus-value et le capital total \u00bb, doit \u00ab diminuer progressivement \u00bb. Mais \u00ab cette baisse est tendancielle et non absolue \u00bb, pr\u00e9vient Marx, les capitalistes faisant tout ce qui est en leur pouvoir pour la contrecarrer.<\/p>\n<aside><strong>La bonne sant\u00e9 des profits cacherait la faible efficacit\u00e9 du capital.<\/strong><\/aside>\n<p>C\u2019est ce ph\u00e9nom\u00e8ne que d\u00e9crit Patrick Artus dans sa derni\u00e8re note dat\u00e9e de vendredi, en \u00e9voquant la \u00ab logique implacable \u00bb de cet te \u00ab dynamique du capitalisme\u00bb. Selon lui, l\u2019augmentation du rendement du capital entre 2010 et 2017 s&rsquo;expliquerait non par une meilleure productivit\u00e9 du capital, mais par une \u00ab compression des salaires \u00bb pour sauvegarder et m\u00eame maintenir \u00e0 la hausse des profits qui, \u00ab toutes choses \u00e9gales par ailleurs \u00bb, auraient d\u00fb baisser. La raison \u00e0 cela : la brutale d\u00e9gradation constat\u00e9e, au dire de l&rsquo;\u00e9conomiste, de la productivit\u00e9 du capital entre 2009-2010 et 2017. Bref, la bonne sant\u00e9 des profits cacherait la faible efficacit\u00e9 du capital, qui se rattraperait \u00ab en d\u00e9formant le partage des revenus au d\u00e9triment des salari\u00e9s \u00bb gr\u00e2ce \u00e0 la \u00ab baisse du pouvoir de n\u00e9gociation \u00bb de ces derniers soumis \u00e0 la pression du ch\u00f4mage, et \u00e0 \u00ab la flexibilit\u00e9 accrue du march\u00e9 du travail \u00bb. Selon Patrick Artus, les salaires dans l&rsquo;OCDE auraient ainsi progress\u00e9 beaucoup moins vite que la productivit\u00e9 des travailleurs, ces quinze derni\u00e8res ann\u00e9es (les salaires auraient perdu 10 % \u00e0 productivit\u00e9 constante). On entrevoit au passage clairement \u00ad m\u00eame si l&rsquo;\u00e9conomiste de Natixis n&rsquo;en dit mot \u00ad le v\u00e9ritable objectif des ordonnances Macron, qui se donnent justement pour mission de \u00ab flexibiliser \u00bb le travail et de baisser le pouvoir de n\u00e9gociation des salari\u00e9s en affaiblissant le r\u00f4le des branches, o\u00f9 les syndicats p\u00e8sent le plus lourd.<\/p>\n<p>Or, note encore l&rsquo;\u00e9conomiste, cette politique a sa \u00ab limite, qui est l&rsquo;impossibilit\u00e9 de r\u00e9duire les salaires en dessous d&rsquo;un certain niveau \u00bb. Celui du \u00ab salaire de subsistance \u00bb, mat\u00e9rialis\u00e9 par les minima salariaux, nouvellement cr\u00e9\u00e9s comme en Allemagne, ou en augmentation, m\u00eame si cette derni\u00e8re est toute relative, \u00e0 bien regarder les chiffres fournis par Patrick Artus : ainsi, le Smic stagne, voire a r\u00e9gress\u00e9 l\u00e9g\u00e8rement en France si on le rapporte au salaire m\u00e9dian, tout comme en Espagne ou aux \u00c9tats-Unis, tandis que l&rsquo;\u00e9cart s&rsquo;est resserr\u00e9 au Royaume-Uni et au Japon.<\/p>\n<p>Quoi qu&rsquo;il en soit, \u00abquand cette d\u00e9formation (du partage des revenus entre capital et travail \u00ad NDLR) atteint sa limite\u00bb, le capital abat son autre carte: \u00abL&rsquo;utilisation d&rsquo;activit\u00e9s sp\u00e9culatives pour accro\u00eetre (sa) rentabilit\u00e9\u00bb, \u00e9crit Patrick Artus. \u00c0 l&rsquo;instar des \u00abrachats d&rsquo;actions par les entreprises qui font monter les cours boursiers\u00bb, ou de \u00abla sp\u00e9culation immobili\u00e8re\u00bb, mais plus g\u00e9n\u00e9ralement des \u00abachats de toutes sortes d&rsquo;actifs sp\u00e9culatifs \u00bb : mati\u00e8res pr\u00e9cieuses, bitcoin, actions dans les soci\u00e9t\u00e9s des nouvelles technologies, LBO (ces achats \u00e0 effet de levier, qui consistent \u00e0 acqu\u00e9rir une entreprise \u00e0 cr\u00e9dit qu&rsquo;on rembourse en d\u00e9pe\u00e7ant ses actifs). \u00abCette dynamique aboutit n\u00e9cessairement d&rsquo;une part \u00e0 la hausse des in\u00e9galit\u00e9s de revenu, d&rsquo;autre part \u00e0 des crises financi\u00e8res\u00bb, conclut l&rsquo;\u00e9conomiste.<\/p>\n<aside>EN 2015, PATRICK ARTUS PROPOSAIT UN PROGRAMME DE \u00ab GRANDE COALITION EN FRANCE \u00bb, POUR RASSEMBLER \u00ab LE CENTRE DROIT \u00bb ET LES \u00ab SOCIAUX-D\u00c9MOCRATES \u00bb.<\/aside>\n<h4 class=\"intertitle\">Faire r\u00e9fl\u00e9chir patronat et dirigeants<\/h4>\n<p>Bien s\u00fbr, l&rsquo;avertissement n&rsquo;a pas transform\u00e9 l&rsquo;analyste financier de Natixis en r\u00e9volution na ire, nuance l&rsquo;\u00e9conomiste marxiste et communiste Denis Durand. \u00ab On peut partager ses pr\u00e9misses, moins souvent ses recommandations\u00bb, commente le responsable de la revue \u00c9conomie et politique, qui d\u00e9crit un expert coutumier de ces \u00abprovocations \u00bb qui ont en fait vocation \u00e0 faire r\u00e9fl\u00e9chir patronat et dirigeants sur la \u00abp\u00e9dagogie\u00bb de leurs r\u00e9formes et leur \u00abacceptabilit\u00e9 \u00bb par les salari\u00e9s. \u00ab S&rsquo;il part de ph\u00e9nom\u00e8nes existants, Patrick Artus n&rsquo;explique pas r\u00e9ellement les causes du recul de la productivit\u00e9 du capital. S&rsquo;il \u00e9tait vraiment marxiste, il verrait que cela est li\u00e9 \u00e0 un type de croissance financi\u00e8re, poursuit Denis Durand. Ce n&rsquo;est donc pas seulement l&rsquo;affaire de r\u00e9partition des richesses, mais celle d&rsquo;un type de production qui affaiblit la position des salari\u00e9s. C&rsquo;est cela qu&rsquo;il faut changer, en imposant d&rsquo;autres crit\u00e8res de gestion dans les entreprises que ceux de la finance.\u00bb <em>(article paru dans l&rsquo;Humanit\u00e9 du 6 f\u00e9vrier 2018)<\/em><\/p>\n<aside><em>MARX, TOUJOURS VIVANT \u00ab Si l&rsquo;on ne veut pas faire injure \u00e0 Marx (&#8230;) il convient de ne pas traiter son \u0153uvre comme une doctrine religieuse mais au contraire de la consid\u00e9rer comme un moment lui-m\u00eame \u00e9volutif, dans la progression d&rsquo;une analyse scientifique, par d\u00e9finition inachev\u00e9e et \u00e0 poursuivre. \u00bb Paul Boccara.<\/em>SON AUTRE \u0152UVRE RECONNUE En 2014, l&rsquo;Unesco, organisme des Nations unies pour l&rsquo;\u00e9ducation, la science et la culture, a class\u00e9 le <strong>Manifeste du Parti communiste, publi\u00e9 en 1848<\/strong>, au patrimoine mondial.<\/aside>\n<aside><strong><a href=\"https:\/\/i0.wp.com\/www.gastonballiot.fr\/wp-content\/uploads\/2018\/02\/Marx-mort_mon_oeil.jpg?ssl=1\"><img data-recalc-dims=\"1\" loading=\"lazy\" decoding=\"async\" data-attachment-id=\"4406\" data-permalink=\"https:\/\/www.gastonballiot.fr\/?attachment_id=4406#main\" data-orig-file=\"https:\/\/i0.wp.com\/www.gastonballiot.fr\/wp-content\/uploads\/2018\/02\/Marx-mort_mon_oeil.jpg?fit=400%2C276&amp;ssl=1\" data-orig-size=\"400,276\" data-comments-opened=\"1\" data-image-meta=\"{&quot;aperture&quot;:&quot;0&quot;,&quot;credit&quot;:&quot;&quot;,&quot;camera&quot;:&quot;&quot;,&quot;caption&quot;:&quot;&quot;,&quot;created_timestamp&quot;:&quot;0&quot;,&quot;copyright&quot;:&quot;&quot;,&quot;focal_length&quot;:&quot;0&quot;,&quot;iso&quot;:&quot;0&quot;,&quot;shutter_speed&quot;:&quot;0&quot;,&quot;title&quot;:&quot;&quot;,&quot;orientation&quot;:&quot;0&quot;}\" data-image-title=\"Marx-mort_mon_oeil\" data-image-description=\"\" data-image-caption=\"\" data-medium-file=\"https:\/\/i0.wp.com\/www.gastonballiot.fr\/wp-content\/uploads\/2018\/02\/Marx-mort_mon_oeil.jpg?fit=300%2C207&amp;ssl=1\" data-large-file=\"https:\/\/i0.wp.com\/www.gastonballiot.fr\/wp-content\/uploads\/2018\/02\/Marx-mort_mon_oeil.jpg?fit=400%2C276&amp;ssl=1\" class=\"aligncenter size-full wp-image-4406\" src=\"https:\/\/i0.wp.com\/www.gastonballiot.fr\/wp-content\/uploads\/2018\/02\/Marx-mort_mon_oeil.jpg?resize=400%2C276&#038;ssl=1\" alt=\"\" width=\"400\" height=\"276\" srcset=\"https:\/\/i0.wp.com\/www.gastonballiot.fr\/wp-content\/uploads\/2018\/02\/Marx-mort_mon_oeil.jpg?w=400&amp;ssl=1 400w, https:\/\/i0.wp.com\/www.gastonballiot.fr\/wp-content\/uploads\/2018\/02\/Marx-mort_mon_oeil.jpg?resize=300%2C207&amp;ssl=1 300w\" sizes=\"auto, (max-width: 400px) 100vw, 400px\" \/><\/a>50,1 % C&rsquo;est le taux de richesses mondiales accapar\u00e9 par le 1 % le plus riche \u00e0 ce jour.<\/strong><\/p>\n<h3><strong><a href=\"https:\/\/www.gastonballiot.fr\/wp-content\/uploads\/2018\/02\/Marx_HD_11janv18.pdf\" target=\"_blank\" rel=\"noopener noreferrer\">Karl MARX, penseur de la totalit\u00e9 et des contradictions, avec Isabelle Garo philosophe, Jean-Numa Ducange histoire contemporaine et Jean Qu\u00e9tier doctorant en philosophie, lecture en pdf d&rsquo;un document de l&rsquo;Humanit\u00e9 Dimanche du 11 janvier 2018<\/a><\/strong><\/h3>\n<p><a href=\"https:\/\/www.humanite.fr\/le-capital-vampire-causeur-de-crises-et-de-devalorisation-649957\" target=\"_blank\" rel=\"noopener noreferrer\">Le capital, \u00ab\u00a0vampire\u00a0\u00bb causeur de crises et de \u00ab\u00a0d\u00e9valorisation\u00a0\u00bb, un article de Pierre Chaillan<\/a><\/p>\n<p>&nbsp;<\/p>\n<\/aside>\n<p><iframe loading=\"lazy\" src=\"https:\/\/www.youtube.com\/embed\/leZNY_T86ig\" width=\"854\" height=\"480\" frameborder=\"0\" allowfullscreen=\"allowfullscreen\" data-mce-fragment=\"1\"><\/iframe><\/p>\n<p>Et si vous ne l&rsquo;avez pas encore vu : un film \u00e9difiant, <strong>Le jeune Karl Marx<\/strong> de Raoul Peck<a href=\"https:\/\/i0.wp.com\/www.gastonballiot.fr\/wp-content\/uploads\/2017\/09\/LeJeuneKarlMarx.jpg?ssl=1\"><img data-recalc-dims=\"1\" loading=\"lazy\" decoding=\"async\" data-attachment-id=\"4005\" data-permalink=\"https:\/\/www.gastonballiot.fr\/?attachment_id=4005#main\" data-orig-file=\"https:\/\/i0.wp.com\/www.gastonballiot.fr\/wp-content\/uploads\/2017\/09\/LeJeuneKarlMarx.jpg?fit=706%2C960&amp;ssl=1\" data-orig-size=\"706,960\" data-comments-opened=\"1\" data-image-meta=\"{&quot;aperture&quot;:&quot;0&quot;,&quot;credit&quot;:&quot;&quot;,&quot;camera&quot;:&quot;&quot;,&quot;caption&quot;:&quot;&quot;,&quot;created_timestamp&quot;:&quot;0&quot;,&quot;copyright&quot;:&quot;&quot;,&quot;focal_length&quot;:&quot;0&quot;,&quot;iso&quot;:&quot;0&quot;,&quot;shutter_speed&quot;:&quot;0&quot;,&quot;title&quot;:&quot;&quot;,&quot;orientation&quot;:&quot;0&quot;}\" data-image-title=\"LeJeuneKarlMarx\" data-image-description=\"\" data-image-caption=\"\" data-medium-file=\"https:\/\/i0.wp.com\/www.gastonballiot.fr\/wp-content\/uploads\/2017\/09\/LeJeuneKarlMarx.jpg?fit=221%2C300&amp;ssl=1\" data-large-file=\"https:\/\/i0.wp.com\/www.gastonballiot.fr\/wp-content\/uploads\/2017\/09\/LeJeuneKarlMarx.jpg?fit=706%2C960&amp;ssl=1\" class=\"aligncenter size-full wp-image-4005\" src=\"https:\/\/i0.wp.com\/www.gastonballiot.fr\/wp-content\/uploads\/2017\/09\/LeJeuneKarlMarx.jpg?resize=706%2C960&#038;ssl=1\" alt=\"\" width=\"706\" height=\"960\" srcset=\"https:\/\/i0.wp.com\/www.gastonballiot.fr\/wp-content\/uploads\/2017\/09\/LeJeuneKarlMarx.jpg?w=706&amp;ssl=1 706w, https:\/\/i0.wp.com\/www.gastonballiot.fr\/wp-content\/uploads\/2017\/09\/LeJeuneKarlMarx.jpg?resize=221%2C300&amp;ssl=1 221w, https:\/\/i0.wp.com\/www.gastonballiot.fr\/wp-content\/uploads\/2017\/09\/LeJeuneKarlMarx.jpg?resize=600%2C816&amp;ssl=1 600w\" sizes=\"auto, (max-width: 706px) 100vw, 706px\" \/><\/a><\/p>\n<p><a href=\"https:\/\/www.legrandsoir.info\/le-capitalisme-voila-la-source-du-mal.html\" target=\"_blank\" rel=\"noopener noreferrer\"><strong>\u00ab\u00a0Le capitalisme, voil\u00e0 la source du mal.\u00a0\u00bb expliquait Albert Einstein en 1949 dans cet article<\/strong><\/a><\/p>\n","protected":false},"excerpt":{"rendered":"<p>&nbsp; Sortir du capitalisme et urgence du communisme par Bernard Vasseur, philosophe (2022) Denis Durand, \u00e9conomiste, avril 2020, \u00e0 propos de la crise que nous vivons :&nbsp; \u00ab\u00a0La crise la plus violente de l&rsquo;histoire du capitalisme en temps de paix\u00a0\u00bb pourrait provoquer la suppression de plus de 150 millions d&#8217;emplois selon l&rsquo;OIT. Denis Durand en fait l&rsquo;\u00e9tat des lieux, d\u00e9ment les id\u00e9es re\u00e7ues et propose des moyens de la r\u00e9soudre. L&rsquo;\u00e9conomiste Denis Durand est ancien directeur adjoint de la Banque de &#8230; <a title=\"7-Alternatives-Notion de commun-Pour un communisme du XXIe si\u00e8cle\" class=\"read-more\" href=\"https:\/\/www.gastonballiot.fr\/?page_id=8509\" aria-label=\"Plus sur 7-Alternatives-Notion de commun-Pour un communisme du XXIe si\u00e8cle\">Lire la suite&#8230;<\/a><\/p>\n","protected":false},"author":1,"featured_media":0,"parent":160,"menu_order":0,"comment_status":"closed","ping_status":"closed","template":"","meta":{"ngg_post_thumbnail":0,"jetpack_post_was_ever_published":false,"footnotes":""},"class_list":{"0":"post-8509","1":"page","2":"type-page","3":"status-publish","5":"infinite-scroll-item"},"yoast_head":"<!-- This site is optimized with the Yoast SEO plugin v27.5 - https:\/\/yoast.com\/product\/yoast-seo-wordpress\/ -->\n<title>7-Alternatives-Notion de commun-Pour un communisme du XXIe si\u00e8cle - Le blog politique de Gaston<\/title>\n<meta name=\"robots\" content=\"index, follow, max-snippet:-1, max-image-preview:large, max-video-preview:-1\" \/>\n<link rel=\"canonical\" href=\"https:\/\/www.gastonballiot.fr\/?page_id=8509\" \/>\n<meta property=\"og:locale\" content=\"fr_FR\" \/>\n<meta property=\"og:type\" content=\"article\" \/>\n<meta property=\"og:title\" content=\"7-Alternatives-Notion de commun-Pour un communisme du XXIe si\u00e8cle - Le blog politique de Gaston\" \/>\n<meta property=\"og:description\" content=\"&nbsp; Sortir du capitalisme et urgence du communisme par Bernard Vasseur, philosophe (2022) Denis Durand, \u00e9conomiste, avril 2020, \u00e0 propos de la crise que nous vivons :&nbsp; \u00ab\u00a0La crise la plus violente de l&rsquo;histoire du capitalisme en temps de paix\u00a0\u00bb pourrait provoquer la suppression de plus de 150 millions d&#8217;emplois selon l&rsquo;OIT. Denis Durand en fait l&rsquo;\u00e9tat des lieux, d\u00e9ment les id\u00e9es re\u00e7ues et propose des moyens de la r\u00e9soudre. L&rsquo;\u00e9conomiste Denis Durand est ancien directeur adjoint de la Banque de ... Lire la suite...\" \/>\n<meta property=\"og:url\" content=\"https:\/\/www.gastonballiot.fr\/?page_id=8509\" \/>\n<meta property=\"og:site_name\" content=\"Le blog politique de Gaston\" \/>\n<meta property=\"article:publisher\" content=\"https:\/\/www.facebook.com\/gaston.balliot\/\" \/>\n<meta property=\"article:modified_time\" content=\"2022-10-05T09:04:07+00:00\" \/>\n<meta property=\"og:image\" content=\"https:\/\/www.gastonballiot.fr\/wp-content\/uploads\/2020\/05\/PenserUnMondeNouveau.jpg\" \/>\n<meta name=\"twitter:card\" content=\"summary_large_image\" \/>\n<meta name=\"twitter:label1\" content=\"Dur\u00e9e de lecture estim\u00e9e\" \/>\n\t<meta name=\"twitter:data1\" content=\"9 minutes\" \/>\n<script type=\"application\/ld+json\" class=\"yoast-schema-graph\">{\"@context\":\"https:\\\/\\\/schema.org\",\"@graph\":[{\"@type\":\"WebPage\",\"@id\":\"https:\\\/\\\/www.gastonballiot.fr\\\/?page_id=8509\",\"url\":\"https:\\\/\\\/www.gastonballiot.fr\\\/?page_id=8509\",\"name\":\"7-Alternatives-Notion de commun-Pour un communisme du XXIe si\u00e8cle - Le blog politique de Gaston\",\"isPartOf\":{\"@id\":\"https:\\\/\\\/www.gastonballiot.fr\\\/#website\"},\"primaryImageOfPage\":{\"@id\":\"https:\\\/\\\/www.gastonballiot.fr\\\/?page_id=8509#primaryimage\"},\"image\":{\"@id\":\"https:\\\/\\\/www.gastonballiot.fr\\\/?page_id=8509#primaryimage\"},\"thumbnailUrl\":\"https:\\\/\\\/www.gastonballiot.fr\\\/wp-content\\\/uploads\\\/2020\\\/05\\\/PenserUnMondeNouveau.jpg\",\"datePublished\":\"2020-05-17T09:09:20+00:00\",\"dateModified\":\"2022-10-05T09:04:07+00:00\",\"breadcrumb\":{\"@id\":\"https:\\\/\\\/www.gastonballiot.fr\\\/?page_id=8509#breadcrumb\"},\"inLanguage\":\"fr-FR\",\"potentialAction\":[{\"@type\":\"ReadAction\",\"target\":[\"https:\\\/\\\/www.gastonballiot.fr\\\/?page_id=8509\"]}]},{\"@type\":\"ImageObject\",\"inLanguage\":\"fr-FR\",\"@id\":\"https:\\\/\\\/www.gastonballiot.fr\\\/?page_id=8509#primaryimage\",\"url\":\"https:\\\/\\\/i0.wp.com\\\/www.gastonballiot.fr\\\/wp-content\\\/uploads\\\/2020\\\/05\\\/PenserUnMondeNouveau.jpg?fit=454%2C445&ssl=1\",\"contentUrl\":\"https:\\\/\\\/i0.wp.com\\\/www.gastonballiot.fr\\\/wp-content\\\/uploads\\\/2020\\\/05\\\/PenserUnMondeNouveau.jpg?fit=454%2C445&ssl=1\",\"width\":454,\"height\":445},{\"@type\":\"BreadcrumbList\",\"@id\":\"https:\\\/\\\/www.gastonballiot.fr\\\/?page_id=8509#breadcrumb\",\"itemListElement\":[{\"@type\":\"ListItem\",\"position\":1,\"name\":\"Accueil\",\"item\":\"https:\\\/\\\/www.gastonballiot.fr\\\/\"},{\"@type\":\"ListItem\",\"position\":2,\"name\":\"Economie\",\"item\":\"https:\\\/\\\/www.gastonballiot.fr\\\/?page_id=160\"},{\"@type\":\"ListItem\",\"position\":3,\"name\":\"7-Alternatives-Notion de commun-Pour un communisme du XXIe si\u00e8cle\"}]},{\"@type\":\"WebSite\",\"@id\":\"https:\\\/\\\/www.gastonballiot.fr\\\/#website\",\"url\":\"https:\\\/\\\/www.gastonballiot.fr\\\/\",\"name\":\"Le blog politique de Gaston\",\"description\":\"L&#039;humain d&#039;abord, pas la finance !\",\"publisher\":{\"@id\":\"https:\\\/\\\/www.gastonballiot.fr\\\/#\\\/schema\\\/person\\\/244a5e02696abd8a65c5b1bebdb948ca\"},\"potentialAction\":[{\"@type\":\"SearchAction\",\"target\":{\"@type\":\"EntryPoint\",\"urlTemplate\":\"https:\\\/\\\/www.gastonballiot.fr\\\/?s={search_term_string}\"},\"query-input\":{\"@type\":\"PropertyValueSpecification\",\"valueRequired\":true,\"valueName\":\"search_term_string\"}}],\"inLanguage\":\"fr-FR\"},{\"@type\":[\"Person\",\"Organization\"],\"@id\":\"https:\\\/\\\/www.gastonballiot.fr\\\/#\\\/schema\\\/person\\\/244a5e02696abd8a65c5b1bebdb948ca\",\"name\":\"gb\",\"image\":{\"@type\":\"ImageObject\",\"inLanguage\":\"fr-FR\",\"@id\":\"https:\\\/\\\/i0.wp.com\\\/www.gastonballiot.fr\\\/wp-content\\\/uploads\\\/2017\\\/04\\\/cropped-Marianne-drapeau-rouge.gif?fit=512%2C512&ssl=1\",\"url\":\"https:\\\/\\\/i0.wp.com\\\/www.gastonballiot.fr\\\/wp-content\\\/uploads\\\/2017\\\/04\\\/cropped-Marianne-drapeau-rouge.gif?fit=512%2C512&ssl=1\",\"contentUrl\":\"https:\\\/\\\/i0.wp.com\\\/www.gastonballiot.fr\\\/wp-content\\\/uploads\\\/2017\\\/04\\\/cropped-Marianne-drapeau-rouge.gif?fit=512%2C512&ssl=1\",\"width\":512,\"height\":512,\"caption\":\"gb\"},\"logo\":{\"@id\":\"https:\\\/\\\/i0.wp.com\\\/www.gastonballiot.fr\\\/wp-content\\\/uploads\\\/2017\\\/04\\\/cropped-Marianne-drapeau-rouge.gif?fit=512%2C512&ssl=1\"},\"description\":\"Gaston Balliot, militant du Front de Gauche en pays bigouden - Pont L'Abb\u00e9 - Loctudy - Guilvinec - Penmarc'h - Ile Tudy - Combrit Ste Marine - Tr\u00e9meoc - Plon\u00e9our, p\u00eache tourisme\",\"sameAs\":[\"https:\\\/\\\/www.facebook.com\\\/gaston.balliot\\\/\"]}]}<\/script>\n<!-- \/ Yoast SEO plugin. -->","yoast_head_json":{"title":"7-Alternatives-Notion de commun-Pour un communisme du XXIe si\u00e8cle - Le blog politique de Gaston","robots":{"index":"index","follow":"follow","max-snippet":"max-snippet:-1","max-image-preview":"max-image-preview:large","max-video-preview":"max-video-preview:-1"},"canonical":"https:\/\/www.gastonballiot.fr\/?page_id=8509","og_locale":"fr_FR","og_type":"article","og_title":"7-Alternatives-Notion de commun-Pour un communisme du XXIe si\u00e8cle - Le blog politique de Gaston","og_description":"&nbsp; Sortir du capitalisme et urgence du communisme par Bernard Vasseur, philosophe (2022) Denis Durand, \u00e9conomiste, avril 2020, \u00e0 propos de la crise que nous vivons :&nbsp; \u00ab\u00a0La crise la plus violente de l&rsquo;histoire du capitalisme en temps de paix\u00a0\u00bb pourrait provoquer la suppression de plus de 150 millions d&#8217;emplois selon l&rsquo;OIT. Denis Durand en fait l&rsquo;\u00e9tat des lieux, d\u00e9ment les id\u00e9es re\u00e7ues et propose des moyens de la r\u00e9soudre. L&rsquo;\u00e9conomiste Denis Durand est ancien directeur adjoint de la Banque de ... Lire la suite...","og_url":"https:\/\/www.gastonballiot.fr\/?page_id=8509","og_site_name":"Le blog politique de Gaston","article_publisher":"https:\/\/www.facebook.com\/gaston.balliot\/","article_modified_time":"2022-10-05T09:04:07+00:00","og_image":[{"url":"https:\/\/www.gastonballiot.fr\/wp-content\/uploads\/2020\/05\/PenserUnMondeNouveau.jpg","type":"","width":"","height":""}],"twitter_card":"summary_large_image","twitter_misc":{"Dur\u00e9e de lecture estim\u00e9e":"9 minutes"},"schema":{"@context":"https:\/\/schema.org","@graph":[{"@type":"WebPage","@id":"https:\/\/www.gastonballiot.fr\/?page_id=8509","url":"https:\/\/www.gastonballiot.fr\/?page_id=8509","name":"7-Alternatives-Notion de commun-Pour un communisme du XXIe si\u00e8cle - Le blog politique de Gaston","isPartOf":{"@id":"https:\/\/www.gastonballiot.fr\/#website"},"primaryImageOfPage":{"@id":"https:\/\/www.gastonballiot.fr\/?page_id=8509#primaryimage"},"image":{"@id":"https:\/\/www.gastonballiot.fr\/?page_id=8509#primaryimage"},"thumbnailUrl":"https:\/\/www.gastonballiot.fr\/wp-content\/uploads\/2020\/05\/PenserUnMondeNouveau.jpg","datePublished":"2020-05-17T09:09:20+00:00","dateModified":"2022-10-05T09:04:07+00:00","breadcrumb":{"@id":"https:\/\/www.gastonballiot.fr\/?page_id=8509#breadcrumb"},"inLanguage":"fr-FR","potentialAction":[{"@type":"ReadAction","target":["https:\/\/www.gastonballiot.fr\/?page_id=8509"]}]},{"@type":"ImageObject","inLanguage":"fr-FR","@id":"https:\/\/www.gastonballiot.fr\/?page_id=8509#primaryimage","url":"https:\/\/i0.wp.com\/www.gastonballiot.fr\/wp-content\/uploads\/2020\/05\/PenserUnMondeNouveau.jpg?fit=454%2C445&ssl=1","contentUrl":"https:\/\/i0.wp.com\/www.gastonballiot.fr\/wp-content\/uploads\/2020\/05\/PenserUnMondeNouveau.jpg?fit=454%2C445&ssl=1","width":454,"height":445},{"@type":"BreadcrumbList","@id":"https:\/\/www.gastonballiot.fr\/?page_id=8509#breadcrumb","itemListElement":[{"@type":"ListItem","position":1,"name":"Accueil","item":"https:\/\/www.gastonballiot.fr\/"},{"@type":"ListItem","position":2,"name":"Economie","item":"https:\/\/www.gastonballiot.fr\/?page_id=160"},{"@type":"ListItem","position":3,"name":"7-Alternatives-Notion de commun-Pour un communisme du XXIe si\u00e8cle"}]},{"@type":"WebSite","@id":"https:\/\/www.gastonballiot.fr\/#website","url":"https:\/\/www.gastonballiot.fr\/","name":"Le blog politique de Gaston","description":"L&#039;humain d&#039;abord, pas la finance !","publisher":{"@id":"https:\/\/www.gastonballiot.fr\/#\/schema\/person\/244a5e02696abd8a65c5b1bebdb948ca"},"potentialAction":[{"@type":"SearchAction","target":{"@type":"EntryPoint","urlTemplate":"https:\/\/www.gastonballiot.fr\/?s={search_term_string}"},"query-input":{"@type":"PropertyValueSpecification","valueRequired":true,"valueName":"search_term_string"}}],"inLanguage":"fr-FR"},{"@type":["Person","Organization"],"@id":"https:\/\/www.gastonballiot.fr\/#\/schema\/person\/244a5e02696abd8a65c5b1bebdb948ca","name":"gb","image":{"@type":"ImageObject","inLanguage":"fr-FR","@id":"https:\/\/i0.wp.com\/www.gastonballiot.fr\/wp-content\/uploads\/2017\/04\/cropped-Marianne-drapeau-rouge.gif?fit=512%2C512&ssl=1","url":"https:\/\/i0.wp.com\/www.gastonballiot.fr\/wp-content\/uploads\/2017\/04\/cropped-Marianne-drapeau-rouge.gif?fit=512%2C512&ssl=1","contentUrl":"https:\/\/i0.wp.com\/www.gastonballiot.fr\/wp-content\/uploads\/2017\/04\/cropped-Marianne-drapeau-rouge.gif?fit=512%2C512&ssl=1","width":512,"height":512,"caption":"gb"},"logo":{"@id":"https:\/\/i0.wp.com\/www.gastonballiot.fr\/wp-content\/uploads\/2017\/04\/cropped-Marianne-drapeau-rouge.gif?fit=512%2C512&ssl=1"},"description":"Gaston Balliot, militant du Front de Gauche en pays bigouden - Pont L'Abb\u00e9 - Loctudy - Guilvinec - Penmarc'h - Ile Tudy - Combrit Ste Marine - Tr\u00e9meoc - Plon\u00e9our, p\u00eache tourisme","sameAs":["https:\/\/www.facebook.com\/gaston.balliot\/"]}]}},"jetpack_shortlink":"https:\/\/wp.me\/P5UTaD-2df","jetpack-related-posts":[],"jetpack_likes_enabled":true,"jetpack_sharing_enabled":true,"_links":{"self":[{"href":"https:\/\/www.gastonballiot.fr\/index.php?rest_route=\/wp\/v2\/pages\/8509","targetHints":{"allow":["GET"]}}],"collection":[{"href":"https:\/\/www.gastonballiot.fr\/index.php?rest_route=\/wp\/v2\/pages"}],"about":[{"href":"https:\/\/www.gastonballiot.fr\/index.php?rest_route=\/wp\/v2\/types\/page"}],"author":[{"embeddable":true,"href":"https:\/\/www.gastonballiot.fr\/index.php?rest_route=\/wp\/v2\/users\/1"}],"replies":[{"embeddable":true,"href":"https:\/\/www.gastonballiot.fr\/index.php?rest_route=%2Fwp%2Fv2%2Fcomments&post=8509"}],"version-history":[{"count":0,"href":"https:\/\/www.gastonballiot.fr\/index.php?rest_route=\/wp\/v2\/pages\/8509\/revisions"}],"up":[{"embeddable":true,"href":"https:\/\/www.gastonballiot.fr\/index.php?rest_route=\/wp\/v2\/pages\/160"}],"wp:attachment":[{"href":"https:\/\/www.gastonballiot.fr\/index.php?rest_route=%2Fwp%2Fv2%2Fmedia&parent=8509"}],"curies":[{"name":"wp","href":"https:\/\/api.w.org\/{rel}","templated":true}]}}